{"id":842,"date":"2023-11-22T15:30:51","date_gmt":"2023-11-22T15:30:51","guid":{"rendered":"https:\/\/zeneielmenyprogram.hu\/?page_id=842"},"modified":"2025-02-09T15:48:57","modified_gmt":"2025-02-09T15:48:57","slug":"szallodaknak","status":"publish","type":"page","link":"https:\/\/zeneielmenyprogram.hu\/en\/szallodaknak\/","title":{"rendered":"SZ\u00c1LLOD\u00c1KNAK"},"content":{"rendered":"<ul class=\"wp-block-list\">\n<li><strong>ZEN\u00c9LJ\u00dcNK EGY\u00dcTT!<\/strong><br>Nagy izgalommal mutatjuk be&nbsp;<strong>vadonat\u00faj&nbsp;<\/strong>form\u00e1tum\u00fa,&nbsp;<strong>\u00e9lm\u00e9ny alap\u00fa, sz\u00f3rakoztat\u00f3, zen\u00e9s foglalkoz\u00e1sunkat, gyermekek \u00e9s csal\u00e1dok sz\u00e1m\u00e1ra.<\/strong><\/li>\n<\/ul>\n\n\n\n<figure class=\"wp-block-gallery aligncenter has-nested-images columns-3 is-cropped wp-block-gallery-1 is-layout-flex wp-block-gallery-is-layout-flex\">\n<figure class=\"wp-block-image size-full\"><img loading=\"lazy\" decoding=\"async\" width=\"857\" height=\"1176\" data-id=\"518\" src=\"https:\/\/zeneielmenyprogram.hu\/wp-content\/uploads\/2023\/04\/ws_gy2-1.jpg\" alt=\"\" class=\"wp-image-518\" srcset=\"https:\/\/zeneielmenyprogram.hu\/wp-content\/uploads\/2023\/04\/ws_gy2-1.jpg 857w, https:\/\/zeneielmenyprogram.hu\/wp-content\/uploads\/2023\/04\/ws_gy2-1-219x300.jpg 219w, https:\/\/zeneielmenyprogram.hu\/wp-content\/uploads\/2023\/04\/ws_gy2-1-746x1024.jpg 746w, https:\/\/zeneielmenyprogram.hu\/wp-content\/uploads\/2023\/04\/ws_gy2-1-768x1054.jpg 768w\" sizes=\"auto, (max-width: 857px) 100vw, 857px\" \/><\/figure>\n\n\n\n<figure class=\"wp-block-image size-full\"><img loading=\"lazy\" decoding=\"async\" width=\"1000\" height=\"1176\" data-id=\"475\" src=\"https:\/\/zeneielmenyprogram.hu\/wp-content\/uploads\/2023\/04\/ws_gy1.jpg\" alt=\"\" class=\"wp-image-475\" srcset=\"https:\/\/zeneielmenyprogram.hu\/wp-content\/uploads\/2023\/04\/ws_gy1.jpg 1000w, https:\/\/zeneielmenyprogram.hu\/wp-content\/uploads\/2023\/04\/ws_gy1-255x300.jpg 255w, https:\/\/zeneielmenyprogram.hu\/wp-content\/uploads\/2023\/04\/ws_gy1-871x1024.jpg 871w, https:\/\/zeneielmenyprogram.hu\/wp-content\/uploads\/2023\/04\/ws_gy1-768x903.jpg 768w\" sizes=\"auto, (max-width: 1000px) 100vw, 1000px\" \/><\/figure>\n\n\n\n<figure class=\"wp-block-image size-full is-style-default\"><img loading=\"lazy\" decoding=\"async\" width=\"706\" height=\"1176\" data-id=\"519\" src=\"https:\/\/zeneielmenyprogram.hu\/wp-content\/uploads\/2023\/04\/ws_gy3-1.jpg\" alt=\"\" class=\"wp-image-519\" srcset=\"https:\/\/zeneielmenyprogram.hu\/wp-content\/uploads\/2023\/04\/ws_gy3-1.jpg 706w, https:\/\/zeneielmenyprogram.hu\/wp-content\/uploads\/2023\/04\/ws_gy3-1-180x300.jpg 180w, https:\/\/zeneielmenyprogram.hu\/wp-content\/uploads\/2023\/04\/ws_gy3-1-615x1024.jpg 615w\" sizes=\"auto, (max-width: 706px) 100vw, 706px\" \/><\/figure>\n<\/figure>\n\n\n\n<p>Az \u00e9lm\u00e9nyprogram sor\u00e1n a mi \u201cir\u00e1ny\u00edt\u00e1sunk alatt \u201c (Unique zenekar el\u0151ad\u00f3i\/szerz\u0151i: V\u00f6lgyesi Gabriella \u00e9s Kovacsics \u00c1d\u00e1m) a&nbsp;<strong>gyerekekkel egy\u00fctt zen\u00e9l\u00fcnk, k\u00eds\u00e9rletez\u00fcnk, \u00e9nekel\u00fcnk, besz\u00e9lget\u00fcnk<\/strong>&nbsp;\u00e9s k\u00f6zben tematikusan haladunk a zene f\u0151 \u00f6sszetev\u0151i -, \u00edgy a&nbsp;<strong>ritmus-dallam-harm\u00f3nia-el\u0151ad\u00e1s-st\u00edlus t\u00e9m\u00e1k<\/strong>&nbsp;\u2013 ment\u00e9n, mindig&nbsp;<strong>beleb\u00fajva egy-egy zen\u00e9sz, dobos, \u00e9nekes, git\u00e1ros b\u0151r\u00e9be<\/strong>.<\/p>\n\n\n<div class=\"wp-block-image\">\n<figure class=\"aligncenter size-full\"><img loading=\"lazy\" decoding=\"async\" width=\"2048\" height=\"341\" src=\"https:\/\/zeneielmenyprogram.hu\/wp-content\/uploads\/2023\/11\/webre2.png\" alt=\"\" class=\"wp-image-866\" srcset=\"https:\/\/zeneielmenyprogram.hu\/wp-content\/uploads\/2023\/11\/webre2.png 2048w, https:\/\/zeneielmenyprogram.hu\/wp-content\/uploads\/2023\/11\/webre2-300x50.png 300w, https:\/\/zeneielmenyprogram.hu\/wp-content\/uploads\/2023\/11\/webre2-1024x171.png 1024w, https:\/\/zeneielmenyprogram.hu\/wp-content\/uploads\/2023\/11\/webre2-768x128.png 768w, https:\/\/zeneielmenyprogram.hu\/wp-content\/uploads\/2023\/11\/webre2-1536x256.png 1536w, https:\/\/zeneielmenyprogram.hu\/wp-content\/uploads\/2023\/11\/webre2-18x3.png 18w\" sizes=\"auto, (max-width: 2048px) 100vw, 2048px\" \/><\/figure>\n<\/div>\n\n\n<p><\/p>\n\n\n\n<p><strong>Mi\u00e9rt j\u00f3 ez, a Sz\u00e1llod\u00e1nak?<\/strong><\/p>\n\n\n\n<ol class=\"wp-block-list\">\n<li>Mert egy <strong>tartalmas, egyszerre sz\u00f3rakoztat\u00f3 \u00e9s eduk\u00e1l\u00f3<\/strong>, a gyermekek kreativit\u00e1s\u00e1t \u00e9s zenei fog\u00e9konys\u00e1g\u00e1t inspir\u00e1l\u00f3 m\u0171sort k\u00edn\u00e1l a sz\u00e1lloda programreperto\u00e1rj\u00e1ban,<\/li>\n\n\n\n<li>Mert <strong>pihen\u0151id\u0151t biztos\u00edt a sz\u00fcl\u0151k sz\u00e1m\u00e1ra<\/strong>, foglalkoz\u00e1s teljes idej\u00e9re (kb. m\u00e1sf\u00e9l \u00f3ra),<\/li>\n\n\n\n<li>Mert ha a sz\u00fcl\u0151k m\u00e9gis maradnak &#8211;&nbsp;t\u00f6bbek k\u00f6z\u00f6tt &#8211; <strong>Unique sl\u00e1gereket hallhatnak \u00e9l\u0151ben<\/strong>,<\/li>\n\n\n\n<li>Mert mik\u00f6zben a r\u00e9sztvev\u0151k al\u00e1mer\u00fclnek a zene vil\u00e1g\u00e1ba, \u00e9szrev\u00e9tlen\u00fcl <strong>m\u00e9ly\u00fcl elk\u00f6telez\u0151d\u00e9s\u00fck a sz\u00e1lloda ir\u00e1nt<\/strong>,<\/li>\n\n\n\n<li>Mert a program \u00e9letre h\u00edv\u00e1s\u00e1nak \u00f6tlet\u00e9t &#8211; a 27 \u00e9ve sz\u00ednpadi emberk\u00e9nt \u00e9s mag\u00e1nemberk\u00e9nt is egy p\u00e1rt alkot\u00f3 &#8211; <strong>Gabi \u00e9s \u00c1d\u00e1m k\u00e9t k\u00f6z\u00f6s gyermeke<\/strong> (11,13) adta, amely garancia lehet arra, hogy megfelel\u0151 sz\u00fcl\u0151i- \u00e9s szakmai tapasztalattal el\u00e9g\u00edts\u00e9k ki, a zene ir\u00e1nt \u00e9rdekl\u0151d\u0151 gyermekek \u00e9s feln\u0151ttek k\u00edv\u00e1ncsis\u00e1g\u00e1t.<\/li>\n<\/ol>\n\n\n\nngg_shortcode_0_placeholder\n\n\n\n<p><strong>P\u00e1r sz\u00f3 a foglalkoz\u00e1sr\u00f3l:<\/strong><\/p>\n\n\n<div class=\"wp-block-image is-style-default\">\n<figure class=\"alignright size-full is-resized\"><img loading=\"lazy\" decoding=\"async\" width=\"1380\" height=\"885\" src=\"https:\/\/zeneielmenyprogram.hu\/wp-content\/uploads\/2023\/06\/img_freepik_com-children-playing-different-instrument-band_1308-105986.jpg\" alt=\"\" class=\"wp-image-806\" style=\"width:400px\" srcset=\"https:\/\/zeneielmenyprogram.hu\/wp-content\/uploads\/2023\/06\/img_freepik_com-children-playing-different-instrument-band_1308-105986.jpg 1380w, https:\/\/zeneielmenyprogram.hu\/wp-content\/uploads\/2023\/06\/img_freepik_com-children-playing-different-instrument-band_1308-105986-300x192.jpg 300w, https:\/\/zeneielmenyprogram.hu\/wp-content\/uploads\/2023\/06\/img_freepik_com-children-playing-different-instrument-band_1308-105986-1024x657.jpg 1024w, https:\/\/zeneielmenyprogram.hu\/wp-content\/uploads\/2023\/06\/img_freepik_com-children-playing-different-instrument-band_1308-105986-768x493.jpg 768w, https:\/\/zeneielmenyprogram.hu\/wp-content\/uploads\/2023\/06\/img_freepik_com-children-playing-different-instrument-band_1308-105986-18x12.jpg 18w\" sizes=\"auto, (max-width: 1380px) 100vw, 1380px\" \/><\/figure>\n<\/div>\n\n\n<p>Az esem\u00e9ny sor\u00e1n a gyerekek&nbsp;<strong>betekint\u00e9st nyerhetnek a zenei sz\u00ednfalak m\u00f6g\u00e9<\/strong>, kipr\u00f3b\u00e1lhatj\u00e1k hogyan terjed a hang, mi\u00e9rt siet\u00fcnk a ritmussal, mi\u00e9rt eg\u00e9szs\u00e9ges az \u00e9nekl\u00e9s \u00e9s hangszeres j\u00e1t\u00e9k, mi az \u201c\u00e9rzelmi munka&#8221; egy el\u0151ad\u00e1s sor\u00e1n, k\u00eds\u00e9rletez\u00fcnk j\u00f3l \u00e9s rosszul cseng\u0151 harm\u00f3ni\u00e1kkal, a hangterjedelm\u00fcnkkel, hall\u00e1startom\u00e1nyunkkal, de arra is f\u00e9ny der\u00fcl mi k\u00f6ze a zen\u00e9nek a matekhoz, fizik\u00e1hoz, biol\u00f3gi\u00e1hoz\u2026<\/p>\n\n\n\n<p>A program sor\u00e1n&nbsp;<strong>zenei k\u00eds\u00e9rletekre, kv\u00edz- \u00e9s egy\u00e9b k\u00e9rd\u00e9sekre, gyermek- \u00e9s k\u00f6nny\u0171zenei dalok k\u00f6z\u00f6s \u00e9nekl\u00e9s\u00e9re, j\u00e1t\u00e9kos-labd\u00e1s ritmusgyakorlatokra, AHA \u00e9lm\u00e9nyt ny\u00fajt\u00f3 felismer\u00e9sekre, t\u00e1ncra<\/strong>&nbsp;sz\u00e1m\u00edthatnak a r\u00e9sztvev\u0151k. A gyerekek mellett a sz\u00fcl\u0151kr\u0151l,&nbsp;nagysz\u00fcl\u0151kr\u0151l&nbsp;sem feledkez\u00fcnk meg, hiszen \u2013 j\u00f3l be\u00e1gyazva a tematik\u00e1ba &#8211; Unique dalr\u00e9szleteket is \u00e9nekelek, a j\u00e1t\u00e9kos kv\u00edz feladatokban pedig a sz\u00fcl\u0151k \u00e9s gyerekek \u00e1ltal\u00e1ban egy\u00fctt vesznek r\u00e9szt.<\/p>\n\n\n\nngg_shortcode_1_placeholder\n\n\n\n<p>A k\u00f6z\u00f6s foglalkoz\u00e1sok&nbsp;seg\u00edtenek abban, hogy a gyerekek r\u00e1csod\u00e1lkozzanak, mely&nbsp;\u00f6sszetev\u0151kb\u0151l, hangszerek j\u00e1t\u00e9k\u00e1b\u00f3l \u00e1llnak \u00f6ssze kedvenc dalaik \u00e9s&nbsp;mennyi lehet\u0151s\u00e9g rejlik&nbsp;m\u00e9g&nbsp;a dallamok, ritmus, harm\u00f3nia vil\u00e1g\u00e1ban.<\/p>\n\n\n\n<p>A foglalkoz\u00e1s v\u00e9g\u00e9n a \u201e<strong>hangszersimogat\u00e1s<\/strong>\u201d keretein bel\u00fcl ki lehet pr\u00f3b\u00e1lni az \u00e1ltalunk biztos\u00edtott elektromos dobot, szintetiz\u00e1tort, git\u00e1rt, rumbat\u00f6k\u00f6t, triangulumot \u00e9s egy\u00e9b ritmus- \u00e9s effekthangszereket vagy a mikrofont.<\/p>\n\n\n\n<p>Az esem\u00e9nyt &#8211; az elm\u00falt \u00e9vek tapasztalatai alapj\u00e1n &#8211; a gyerekek \u00e9s sz\u00fcl\u0151k is egy\u00f6ntet\u0171en nagyon szeretik, hisz egyszerre csillap\u00edtja a frissen \u201cfelpiszk\u00e1lt\u201d k\u00edv\u00e1ncsis\u00e1gukat, \u00fajszer\u0171 \u00e9lm\u00e9nyekkel&nbsp;gazdagodnak \u00e9s alapvet\u0151en sz\u00f3rakozva ismernek fel&nbsp;\u00faj \u00f6sszef\u00fcgg\u00e9seket&nbsp;a zen\u00e9vel kapcsolatban.<\/p>\n\n\n<div class=\"wp-block-image\">\n<figure class=\"aligncenter size-full\"><img loading=\"lazy\" decoding=\"async\" width=\"2400\" height=\"400\" src=\"https:\/\/zeneielmenyprogram.hu\/wp-content\/uploads\/2023\/04\/webre.png\" alt=\"\" class=\"wp-image-473\" srcset=\"https:\/\/zeneielmenyprogram.hu\/wp-content\/uploads\/2023\/04\/webre.png 2400w, https:\/\/zeneielmenyprogram.hu\/wp-content\/uploads\/2023\/04\/webre-300x50.png 300w, https:\/\/zeneielmenyprogram.hu\/wp-content\/uploads\/2023\/04\/webre-1024x171.png 1024w, https:\/\/zeneielmenyprogram.hu\/wp-content\/uploads\/2023\/04\/webre-768x128.png 768w, https:\/\/zeneielmenyprogram.hu\/wp-content\/uploads\/2023\/04\/webre-1536x256.png 1536w, https:\/\/zeneielmenyprogram.hu\/wp-content\/uploads\/2023\/04\/webre-2048x341.png 2048w\" sizes=\"auto, (max-width: 2400px) 100vw, 2400px\" \/><figcaption class=\"wp-element-caption\"> <\/figcaption><\/figure>\n<\/div>\n\n\n<h6 class=\"wp-block-heading has-text-align-center has-text-color\" style=\"color:#1fa6c2\">L\u00e9tsz\u00e1m: nincs korl\u00e1t<br>Program hossza: kb. 90 &#8211; 100 perc<\/h6>\n\n\n\n<div style=\"height:20px\" aria-hidden=\"true\" class=\"wp-block-spacer\"><\/div>\n\n\n\n<h4 class=\"wp-block-heading has-text-align-center has-white-color has-accent-background-color has-text-color has-background\"><strong>\u00c9RDEKL\u0150D\u00c9S<\/strong><\/h4>\n\n\n\n<p class=\"has-text-align-center\"><strong>Kovacsics \u00c1d\u00e1m<\/strong><br>+36 30 222 42 62<\/p>\n\n\n\n<div id=\"wp-block-themeisle-blocks-advanced-columns-1938a492\" class=\"wp-block-themeisle-blocks-advanced-columns has-3-columns has-desktop-equal-layout has-tablet-equal-layout has-mobile-collapsedRows-layout has-vertical-unset\"><div class=\"wp-block-themeisle-blocks-advanced-columns-overlay\"><\/div><div class=\"innerblocks-wrap\">\n<div id=\"wp-block-themeisle-blocks-advanced-column-9b66978c\" class=\"wp-block-themeisle-blocks-advanced-column\"><\/div>\n\n\n\n<div id=\"wp-block-themeisle-blocks-advanced-column-ab60583d\" class=\"wp-block-themeisle-blocks-advanced-column\">\n<div class=\"wp-block-contact-form-7-contact-form-selector\">\n<div class=\"wpcf7 no-js\" id=\"wpcf7-f223-o1\" lang=\"hu-HU\" dir=\"ltr\" data-wpcf7-id=\"223\">\n<div class=\"screen-reader-response\"><p role=\"status\" aria-live=\"polite\" aria-atomic=\"true\"><\/p> <ul><\/ul><\/div>\n<form action=\"\/en\/wp-json\/wp\/v2\/pages\/842#wpcf7-f223-o1\" method=\"post\" class=\"wpcf7-form init\" aria-label=\"Kapcsolatfelv\u00e9teli \u0171rlap\" novalidate=\"novalidate\" data-status=\"init\" data-trp-original-action=\"\/en\/wp-json\/wp\/v2\/pages\/842#wpcf7-f223-o1\">\n<fieldset class=\"hidden-fields-container\"><input type=\"hidden\" name=\"_wpcf7\" value=\"223\" \/><input type=\"hidden\" name=\"_wpcf7_version\" value=\"6.1.4\" \/><input type=\"hidden\" name=\"_wpcf7_locale\" value=\"hu_HU\" \/><input type=\"hidden\" name=\"_wpcf7_unit_tag\" value=\"wpcf7-f223-o1\" \/><input type=\"hidden\" name=\"_wpcf7_container_post\" value=\"0\" \/><input type=\"hidden\" name=\"_wpcf7_posted_data_hash\" value=\"\" \/>\n<\/fieldset>\n<p><label> N\u00e9v<br \/>\n<span class=\"wpcf7-form-control-wrap\" data-name=\"your-name\"><input size=\"40\" maxlength=\"400\" class=\"wpcf7-form-control wpcf7-text wpcf7-validates-as-required\" autocomplete=\"name\" aria-required=\"true\" aria-invalid=\"false\" value=\"\" type=\"text\" name=\"your-name\" \/><\/span> <\/label>\n<\/p>\n<p><label> E-mail c\u00edm<br \/>\n<span class=\"wpcf7-form-control-wrap\" data-name=\"your-email\"><input size=\"40\" maxlength=\"400\" class=\"wpcf7-form-control wpcf7-email wpcf7-validates-as-required wpcf7-text wpcf7-validates-as-email\" autocomplete=\"email\" aria-required=\"true\" aria-invalid=\"false\" value=\"\" type=\"email\" name=\"your-email\" \/><\/span> <\/label>\n<\/p>\n<p><label> T\u00e1rgy<br \/>\n<span class=\"wpcf7-form-control-wrap\" data-name=\"your-subject\"><input size=\"40\" maxlength=\"400\" class=\"wpcf7-form-control wpcf7-text wpcf7-validates-as-required\" aria-required=\"true\" aria-invalid=\"false\" value=\"\" type=\"text\" name=\"your-subject\" \/><\/span> <\/label>\n<\/p>\n<p><label> \u00dczenet<br \/>\n<span class=\"wpcf7-form-control-wrap\" data-name=\"your-message\"><textarea cols=\"40\" rows=\"10\" maxlength=\"2000\" class=\"wpcf7-form-control wpcf7-textarea\" aria-invalid=\"false\" name=\"your-message\"><\/textarea><\/span> <\/label>\n<\/p>\n<p><input class=\"wpcf7-form-control wpcf7-submit has-spinner\" type=\"submit\" value=\"Elk\u00fcld\u00e9s\" \/>\n<\/p><div class=\"wpcf7-response-output\" aria-hidden=\"true\"><\/div>\n<input type=\"hidden\" name=\"trp-form-language\" value=\"en\"\/><\/form>\n<\/div>\n<\/div>\n<\/div>\n\n\n\n<div id=\"wp-block-themeisle-blocks-advanced-column-7144f0f6\" class=\"wp-block-themeisle-blocks-advanced-column\"><\/div>\n<\/div><\/div>","protected":false},"excerpt":{"rendered":"<p>Az \u00e9lm\u00e9nyprogram sor\u00e1n a mi \u201cir\u00e1ny\u00edt\u00e1sunk alatt \u201c (Unique zenekar el\u0151ad\u00f3i\/szerz\u0151i: V\u00f6lgyesi Gabriella \u00e9s Kovacsics \u00c1d\u00e1m) a&nbsp;gyerekekkel egy\u00fctt zen\u00e9l\u00fcnk, k\u00eds\u00e9rletez\u00fcnk, \u00e9nekel\u00fcnk, besz\u00e9lget\u00fcnk&nbsp;\u00e9s k\u00f6zben tematikusan haladunk a zene f\u0151 \u00f6sszetev\u0151i -, \u00edgy a&nbsp;ritmus-dallam-harm\u00f3nia-el\u0151ad\u00e1s-st\u00edlus t\u00e9m\u00e1k&nbsp;\u2013 ment\u00e9n, mindig&nbsp;beleb\u00fajva egy-egy zen\u00e9sz, dobos, \u00e9nekes, git\u00e1ros b\u0151r\u00e9be. Mi\u00e9rt j\u00f3 ez, a Sz\u00e1llod\u00e1nak? P\u00e1r sz\u00f3 a foglalkoz\u00e1sr\u00f3l: [&hellip;]<\/p>","protected":false},"author":1,"featured_media":0,"parent":0,"menu_order":0,"comment_status":"closed","ping_status":"closed","template":"","meta":{"ngg_post_thumbnail":0,"_themeisle_gutenberg_block_has_review":false,"footnotes":""},"class_list":["post-842","page","type-page","status-publish","hentry"],"_links":{"self":[{"href":"https:\/\/zeneielmenyprogram.hu\/en\/wp-json\/wp\/v2\/pages\/842","targetHints":{"allow":["GET"]}}],"collection":[{"href":"https:\/\/zeneielmenyprogram.hu\/en\/wp-json\/wp\/v2\/pages"}],"about":[{"href":"https:\/\/zeneielmenyprogram.hu\/en\/wp-json\/wp\/v2\/types\/page"}],"author":[{"embeddable":true,"href":"https:\/\/zeneielmenyprogram.hu\/en\/wp-json\/wp\/v2\/users\/1"}],"replies":[{"embeddable":true,"href":"https:\/\/zeneielmenyprogram.hu\/en\/wp-json\/wp\/v2\/comments?post=842"}],"version-history":[{"count":53,"href":"https:\/\/zeneielmenyprogram.hu\/en\/wp-json\/wp\/v2\/pages\/842\/revisions"}],"predecessor-version":[{"id":1179,"href":"https:\/\/zeneielmenyprogram.hu\/en\/wp-json\/wp\/v2\/pages\/842\/revisions\/1179"}],"wp:attachment":[{"href":"https:\/\/zeneielmenyprogram.hu\/en\/wp-json\/wp\/v2\/media?parent=842"}],"curies":[{"name":"wp","href":"https:\/\/api.w.org\/{rel}","templated":true}]}}