{"id":532,"date":"2023-04-04T11:17:35","date_gmt":"2023-04-04T11:17:35","guid":{"rendered":"https:\/\/zeneielmenyprogram.hu\/?page_id=532"},"modified":"2025-09-13T15:19:17","modified_gmt":"2025-09-13T15:19:17","slug":"a-mi-dalunk","status":"publish","type":"page","link":"https:\/\/zeneielmenyprogram.hu\/en\/maganszemelyeknek\/a-mi-dalunk\/","title":{"rendered":"A MI DALUNK | EGYEDI, SZEM\u00c9LYRESZ\u00d3L\u00d3 DALSZERZ\u00c9S A UNIQUE EGY\u00dcTTESSEL"},"content":{"rendered":"<p><strong>Elk\u00e9sz\u00edtj\u00fck Neked vagy Nektek azt a dalt, ami sz\u00f6vegben is \u00e9s zeneileg is csak R\u00e1d vagy R\u00e1tok jellemz\u0151!<\/strong> Mit jelent ez?<\/p>\n\n\n\n<p>A foglalkoz\u00e1st megel\u0151z\u0151en t\u00e1mpontokat fogunk k\u00e9rni T\u0151led, mind a zen\u00e9t, mind a sz\u00f6veget illet\u0151en, hogy a st\u00fadi\u00f3ban val\u00f3 tal\u00e1lkoz\u00e1sunkkor m\u00e1r, a lehet\u0151 legszem\u00e9lyesebb, legink\u00e1bb a c\u00e9lnak megfelel\u0151 dalv\u00e1zlattal v\u00e1rhassunk T\u00e9ged\/ Titeket.<\/p>\n\n\n\n<p>\u00cdgy a <strong>munkafolyamat elej\u00e9n sz\u00fcks\u00e9g\u00fcnk lesz ir\u00e1nymutat\u00e1sk\u00e9ppen kedvenc dalokra, hangulatokra<\/strong>, el\u0151ad\u00f3kra, st\u00edlusokra, amik ment\u00e9n mi m\u00e1r el\u0151re dolgozhatunk zeneileg, illetve olyan <strong>szem\u00e9lyes, r\u00e1tok jellemz\u0151 t\u00f6rt\u00e9netekre,<\/strong> versekre, tudnival\u00f3kra, inf\u00f3kra, amiket mi azonnal tov\u00e1bb\u00edtunk profi sz\u00f6veg\u00edr\u00f3nknak, Major Eszternek. Ezt az egyeztet\u00e9st telefonon, vagy e-mailben is megejthetj\u00fck, att\u00f3l f\u00fcgg\u0151en, mi k\u00e9nyelmes sz\u00e1motokra, vagy mi az ami legink\u00e1bb c\u00e9lravezet\u0151.<\/p>\n\n\n<p style=\"text-align: center;\"><iframe loading=\"lazy\" width=\"699\" height=\"393\" src=\"https:\/\/www.youtube.com\/embed\/CZzkNTrnc54?si=QsQn4O282OH9dbMd\" title=\"YouTube video player\" frameborder=\"0\" allow=\"accelerometer; autoplay; clipboard-write; encrypted-media; gyroscope; picture-in-picture; web-share\" allowfullscreen=\"allowfullscreen\"><\/iframe><\/p>\n\n\n<p><strong>Az \u00e9lm\u00e9nyprogramon h\u00e1rman (\u00c1d\u00e1m, Gabi, Eszter) fogunk T\u00e9ged\/ Titeket egy dalv\u00e1zlattal v\u00e1rni amit \u00fagy fogunk egy\u00fctt v\u00e9gleges\u00edteni, hogy az ig\u00e9nyeiteknek, a k\u00e9sz\u00fcl\u0151 m\u0171 legink\u00e1bb megfeleljen<\/strong>. <\/p>\n\n\n\n<p>A dal f\u0151dallam\u00e1t <strong>Te is fel\u00e9nekelheted<\/strong>, amihez &#8211; ha sz\u00fcks\u00e9ges -, sz\u00edvesen ny\u00fajt Gabi szakmai seg\u00edts\u00e9get, <strong>ha szeretn\u00e9d Gabi \u00e9nekli fel<\/strong>, illetve arra is van lehet\u0151s\u00e9g, hogy <strong>k\u00f6z\u00f6sen<\/strong> \u00e9nekelj\u00e9tek fel, egyedi logika szerint. Ha Te szeretn\u00e9d el\u00e9nekelni a dalt, seg\u00edt\u00fcnk lelazulni, megtal\u00e1lni a c\u00e9lnak legink\u00e1bb megfelel\u0151 el\u0151ad\u00e1sm\u00f3dot illetve, hogy a legjobb form\u00e1dat hozd ki magadb\u00f3l!<\/p>\n\n\n<div class=\"wp-block-image\">\n<figure class=\"alignleft size-large is-resized\"><img loading=\"lazy\" decoding=\"async\" width=\"1024\" height=\"683\" src=\"https:\/\/zeneielmenyprogram.hu\/wp-content\/uploads\/2023\/03\/ws_07-1024x683.jpg\" alt=\"\" class=\"wp-image-218\" style=\"width:530px\" srcset=\"https:\/\/zeneielmenyprogram.hu\/wp-content\/uploads\/2023\/03\/ws_07-1024x683.jpg 1024w, https:\/\/zeneielmenyprogram.hu\/wp-content\/uploads\/2023\/03\/ws_07-300x200.jpg 300w, https:\/\/zeneielmenyprogram.hu\/wp-content\/uploads\/2023\/03\/ws_07-768x512.jpg 768w, https:\/\/zeneielmenyprogram.hu\/wp-content\/uploads\/2023\/03\/ws_07-1536x1024.jpg 1536w, https:\/\/zeneielmenyprogram.hu\/wp-content\/uploads\/2023\/03\/ws_07-2048x1366.jpg 2048w, https:\/\/zeneielmenyprogram.hu\/wp-content\/uploads\/2023\/03\/ws_07-360x240.jpg 360w\" sizes=\"auto, (max-width: 1024px) 100vw, 1024px\" \/><\/figure>\n<\/div>\n\n\n<p>Ezt a programot azoknak sz\u00e1njuk, akik vagy szeretn\u00e9k meglepni saj\u00e1t magukat, szeretteiket, ismer\u0151seiket, koll\u00e9g\u00e1ikat meglepni valami <strong>teljesen egyedi \u00e9s szem\u00e9lyes zenei \u00e9lm\u00e9nnyel<\/strong>, ami csak R\u00e1d, vagy R\u00e1tok jellemz\u0151.<\/p>\n\n\n\n<p>Aj\u00e1nljuk p\u00e1roknak Valentin napra, esk\u00fcv\u0151re, \u00e9vfordul\u00f3ra, kisbaba \u00e9rkez\u00e9se alkalm\u00e1b\u00f3l, de nagyobb bar\u00e1ti t\u00e1rsas\u00e1gok \u201ehimnusza\u201d vagy c\u00e9ges \u201eindul\u00f3dalok\u201d is k\u00e9sz\u00fcltek m\u00e1r st\u00fadi\u00f3nkban.<\/p>\n\n\n\n<p>A k\u00f6z\u00f6sen elk\u00e9sz\u00edtett, fel\u00e9nekelt dalt r\u00f6gz\u00edtj\u00fck \u00e9s n\u00e9mi ut\u00f3munka ut\u00e1n az esem\u00e9nyt k\u00f6vet\u0151 p\u00e1r napon bel\u00fcl e-mailen megk\u00fcldj\u00fck Neked MP3 form\u00e1tumban, egy k\u00f6z\u00f6s fot\u00f3val egy\u00fctt, amennyiben szeretn\u00e9d.<\/p>\n\n\n\n<p>Az esem\u00e9ny 1,5 &#8211; 2 \u00f3r\u00e1s, a programon h\u00e1rmunkon (\u00c1d\u00e1m, Gabi, Eszter) k\u00edv\u00fcl, legfeljebb 2 f\u0151 vehet r\u00e9szt.<\/p>\n\n\n\n<p>Garant\u00e1ltan <strong>egyedi, unik\u00e1lis zenei \u00e9lm\u00e9nyben<\/strong> lesz r\u00e9sze mind annak, aki \u00e9letre h\u00edvja a dalt \u00e9s v\u00e9gigk\u00eds\u00e9r minket az alkot\u00e1s folyamat\u00e1n \u00e9s annak is, aki a dal c\u00edmzettje lesz.<\/p>\n\n\n\n<figure class=\"wp-block-table is-style-stripes\"><table><tbody><tr><td class=\"has-text-align-right\" data-align=\"right\">A Mi Dalunk | Egyedi, szem\u00e9lyresz\u00f3l\u00f3 dalszerz\u00e9s a Unique egy\u00fcttessel<\/td><td>235.000 Ft<\/td><\/tr><\/tbody><\/table><\/figure>\n\n\n\n<div style=\"height:20px\" aria-hidden=\"true\" class=\"wp-block-spacer\"><\/div>\n\n\n\n<h4 class=\"wp-block-heading has-text-align-center has-white-color has-accent-background-color has-text-color has-background\"><strong>\u00c9RDEKL\u0150D\u00c9S<\/strong><\/h4>\n\n\n\n<div id=\"wp-block-themeisle-blocks-advanced-columns-1938a492\" class=\"wp-block-themeisle-blocks-advanced-columns has-3-columns has-desktop-equal-layout has-tablet-equal-layout has-mobile-collapsedRows-layout has-vertical-unset\"><div class=\"wp-block-themeisle-blocks-advanced-columns-overlay\"><\/div><div class=\"innerblocks-wrap\">\n<div id=\"wp-block-themeisle-blocks-advanced-column-9b66978c\" class=\"wp-block-themeisle-blocks-advanced-column\"><\/div>\n\n\n\n<div id=\"wp-block-themeisle-blocks-advanced-column-ab60583d\" class=\"wp-block-themeisle-blocks-advanced-column\">\n<div class=\"wp-block-contact-form-7-contact-form-selector\">\n<div class=\"wpcf7 no-js\" id=\"wpcf7-f223-o1\" lang=\"hu-HU\" dir=\"ltr\" data-wpcf7-id=\"223\">\n<div class=\"screen-reader-response\"><p role=\"status\" aria-live=\"polite\" aria-atomic=\"true\"><\/p> <ul><\/ul><\/div>\n<form action=\"\/en\/wp-json\/wp\/v2\/pages\/532#wpcf7-f223-o1\" method=\"post\" class=\"wpcf7-form init\" aria-label=\"Kapcsolatfelv\u00e9teli \u0171rlap\" novalidate=\"novalidate\" data-status=\"init\" data-trp-original-action=\"\/en\/wp-json\/wp\/v2\/pages\/532#wpcf7-f223-o1\">\n<fieldset class=\"hidden-fields-container\"><input type=\"hidden\" name=\"_wpcf7\" value=\"223\" \/><input type=\"hidden\" name=\"_wpcf7_version\" value=\"6.1.4\" \/><input type=\"hidden\" name=\"_wpcf7_locale\" value=\"hu_HU\" \/><input type=\"hidden\" name=\"_wpcf7_unit_tag\" value=\"wpcf7-f223-o1\" \/><input type=\"hidden\" name=\"_wpcf7_container_post\" value=\"0\" \/><input type=\"hidden\" name=\"_wpcf7_posted_data_hash\" value=\"\" \/>\n<\/fieldset>\n<p><label> N\u00e9v<br \/>\n<span class=\"wpcf7-form-control-wrap\" data-name=\"your-name\"><input size=\"40\" maxlength=\"400\" class=\"wpcf7-form-control wpcf7-text wpcf7-validates-as-required\" autocomplete=\"name\" aria-required=\"true\" aria-invalid=\"false\" value=\"\" type=\"text\" name=\"your-name\" \/><\/span> <\/label>\n<\/p>\n<p><label> E-mail c\u00edm<br \/>\n<span class=\"wpcf7-form-control-wrap\" data-name=\"your-email\"><input size=\"40\" maxlength=\"400\" class=\"wpcf7-form-control wpcf7-email wpcf7-validates-as-required wpcf7-text wpcf7-validates-as-email\" autocomplete=\"email\" aria-required=\"true\" aria-invalid=\"false\" value=\"\" type=\"email\" name=\"your-email\" \/><\/span> <\/label>\n<\/p>\n<p><label> T\u00e1rgy<br \/>\n<span class=\"wpcf7-form-control-wrap\" data-name=\"your-subject\"><input size=\"40\" maxlength=\"400\" class=\"wpcf7-form-control wpcf7-text wpcf7-validates-as-required\" aria-required=\"true\" aria-invalid=\"false\" value=\"\" type=\"text\" name=\"your-subject\" \/><\/span> <\/label>\n<\/p>\n<p><label> \u00dczenet<br \/>\n<span class=\"wpcf7-form-control-wrap\" data-name=\"your-message\"><textarea cols=\"40\" rows=\"10\" maxlength=\"2000\" class=\"wpcf7-form-control wpcf7-textarea\" aria-invalid=\"false\" name=\"your-message\"><\/textarea><\/span> <\/label>\n<\/p>\n<p><input class=\"wpcf7-form-control wpcf7-submit has-spinner\" type=\"submit\" value=\"Elk\u00fcld\u00e9s\" \/>\n<\/p><div class=\"wpcf7-response-output\" aria-hidden=\"true\"><\/div>\n<input type=\"hidden\" name=\"trp-form-language\" value=\"en\"\/><\/form>\n<\/div>\n<\/div>\n<\/div>\n\n\n\n<div id=\"wp-block-themeisle-blocks-advanced-column-7144f0f6\" class=\"wp-block-themeisle-blocks-advanced-column\"><\/div>\n<\/div><\/div>","protected":false},"excerpt":{"rendered":"<p>Elk\u00e9sz\u00edtj\u00fck Neked vagy Nektek azt a dalt, ami sz\u00f6vegben is \u00e9s zeneileg is csak R\u00e1d vagy R\u00e1tok jellemz\u0151! Mit jelent ez? A foglalkoz\u00e1st megel\u0151z\u0151en t\u00e1mpontokat fogunk k\u00e9rni T\u0151led, mind a zen\u00e9t, mind a sz\u00f6veget illet\u0151en, hogy a st\u00fadi\u00f3ban val\u00f3 tal\u00e1lkoz\u00e1sunkkor m\u00e1r, a lehet\u0151 legszem\u00e9lyesebb, legink\u00e1bb a c\u00e9lnak megfelel\u0151 dalv\u00e1zlattal v\u00e1rhassunk [&hellip;]<\/p>","protected":false},"author":1,"featured_media":0,"parent":226,"menu_order":0,"comment_status":"closed","ping_status":"closed","template":"","meta":{"ngg_post_thumbnail":0,"_themeisle_gutenberg_block_has_review":false,"footnotes":""},"class_list":["post-532","page","type-page","status-publish","hentry"],"_links":{"self":[{"href":"https:\/\/zeneielmenyprogram.hu\/en\/wp-json\/wp\/v2\/pages\/532","targetHints":{"allow":["GET"]}}],"collection":[{"href":"https:\/\/zeneielmenyprogram.hu\/en\/wp-json\/wp\/v2\/pages"}],"about":[{"href":"https:\/\/zeneielmenyprogram.hu\/en\/wp-json\/wp\/v2\/types\/page"}],"author":[{"embeddable":true,"href":"https:\/\/zeneielmenyprogram.hu\/en\/wp-json\/wp\/v2\/users\/1"}],"replies":[{"embeddable":true,"href":"https:\/\/zeneielmenyprogram.hu\/en\/wp-json\/wp\/v2\/comments?post=532"}],"version-history":[{"count":19,"href":"https:\/\/zeneielmenyprogram.hu\/en\/wp-json\/wp\/v2\/pages\/532\/revisions"}],"predecessor-version":[{"id":1183,"href":"https:\/\/zeneielmenyprogram.hu\/en\/wp-json\/wp\/v2\/pages\/532\/revisions\/1183"}],"up":[{"embeddable":true,"href":"https:\/\/zeneielmenyprogram.hu\/en\/wp-json\/wp\/v2\/pages\/226"}],"wp:attachment":[{"href":"https:\/\/zeneielmenyprogram.hu\/en\/wp-json\/wp\/v2\/media?parent=532"}],"curies":[{"name":"wp","href":"https:\/\/api.w.org\/{rel}","templated":true}]}}