{"id":528,"date":"2023-04-04T11:14:04","date_gmt":"2023-04-04T11:14:04","guid":{"rendered":"https:\/\/zeneielmenyprogram.hu\/?page_id=528"},"modified":"2025-10-02T13:52:44","modified_gmt":"2025-10-02T13:52:44","slug":"dalszerzo-elmenyprogram","status":"publish","type":"page","link":"https:\/\/zeneielmenyprogram.hu\/en\/maganszemelyeknek\/dalszerzo-elmenyprogram\/","title":{"rendered":"DALSZERZ\u0150 \u00c9LM\u00c9NYPROGRAM A UNIQUE EGY\u00dcTTESSEL"},"content":{"rendered":"<div class=\"wp-block-image\">\n<figure class=\"alignleft size-full is-resized\"><img decoding=\"async\" src=\"https:\/\/zeneielmenyprogram.hu\/wp-content\/uploads\/2025\/01\/IMG_2135.jpeg\" alt=\"\" class=\"wp-image-212\" style=\"width:267px;height:400px\"\/><\/figure>\n<\/div>\n\n\n<p>Ezen a foglalkoz\u00e1son <strong>egy \u00faj dalt \u00edrunk, Veled, k\u00f6z\u00f6sen<\/strong> vagy csak mint n\u00e9z\u0151, pillants bele a dalszerz\u00e9s folyamat\u00e1ba.<\/p>\n\n\n\n<p><strong>Az alkot\u00e1s folyamat\u00e1ban annyi teret kapsz, amennyit szeretn\u00e9l<\/strong>! El\u0151sz\u00f6r kigondoljuk, hogy milyen hangulat\u00fa dalt szeretn\u00e9nk megalkotni. Term\u00e9szetesen hozhatsz Te is \u00f6tletet, egy dalt, dalfoszl\u00e1nyt, amihez hasonl\u00f3 hangulat\u00fa dalt szeretn\u00e9l, vagy ami a kiindul\u00f3pontunk lehet.<\/p>\n\n\n\n<p>Miut\u00e1n <strong>megvan az alapkoncepci\u00f3nk, lassank\u00e9nt hozz\u00e1rendelj\u00fck a dal temp\u00f3j\u00e1t, a ritmus\u00e1t, harm\u00f3ni\u00e1kat, hangszerel\u00e9s\u00e9t, f\u0151dallam\u00e1t<\/strong>. A folyamatot ebben a szakaszban, \u00c1d\u00e1m vezeti.<\/p>\n\n\n\n<p>Mivel ezen a foglalkoz\u00e1son sz\u00f6veget nem k\u00e9sz\u00edt\u00fcnk, ez\u00e9rt azt aj\u00e1nljuk, hogy vagy hozz magaddal egy verset\/versr\u00e9szletet\/sz\u00f6vegr\u00e9szletet amit megzen\u00e9s\u00edt\u00fcnk, vagy legyen a dal instrument\u00e1lis, vagyis amiben nincs \u00e9nek.<\/p>\n\n\n\n<p>Ha m\u00e9gis szeretn\u00e9d, hogy vok\u00e1lis (\u00e9nekes) dal sz\u00fclessen \u00e9s nem szeretn\u00e9l m\u00e1r megl\u00e9v\u0151 sz\u00f6veget benne, nos akkor azt a helyzetet is megoldjuk! \ud83d\ude42<\/p>\n\n\n<div class=\"wp-block-image\">\n<figure class=\"alignright size-full is-resized\"><img loading=\"lazy\" decoding=\"async\" width=\"1350\" height=\"900\" src=\"https:\/\/zeneielmenyprogram.hu\/wp-content\/uploads\/2023\/03\/ws_03_gabiadam.jpg\" alt=\"\" class=\"wp-image-214\" style=\"width:400px\" srcset=\"https:\/\/zeneielmenyprogram.hu\/wp-content\/uploads\/2023\/03\/ws_03_gabiadam.jpg 1350w, https:\/\/zeneielmenyprogram.hu\/wp-content\/uploads\/2023\/03\/ws_03_gabiadam-300x200.jpg 300w, https:\/\/zeneielmenyprogram.hu\/wp-content\/uploads\/2023\/03\/ws_03_gabiadam-1024x683.jpg 1024w, https:\/\/zeneielmenyprogram.hu\/wp-content\/uploads\/2023\/03\/ws_03_gabiadam-768x512.jpg 768w, https:\/\/zeneielmenyprogram.hu\/wp-content\/uploads\/2023\/03\/ws_03_gabiadam-360x240.jpg 360w\" sizes=\"auto, (max-width: 1350px) 100vw, 1350px\" \/><\/figure>\n<\/div>\n\n\n<p><strong>A dalt Te is fel\u00e9nekelheted<\/strong>, amihez &#8211; ha sz\u00fcks\u00e9ges -, sz\u00edvesen ny\u00fajtunk seg\u00edts\u00e9get, <strong>ha szeretn\u00e9d Gabi \u00e9nekli fel<\/strong>, illetve arra is van lehet\u0151s\u00e9g, hogy <strong>k\u00f6z\u00f6sen \u00e9nekelj\u00e9tek fel<\/strong>, egyedi logika szerint.<\/p>\n\n\n\n<p>A <strong>dalszerz\u00e9s sor\u00e1n sok t\u00e9ma \u00e9s k\u00e9rd\u00e9s mer\u00fclhet fel<\/strong>, de abba fogunk r\u00e9szletesen belemenni, ami T\u00e9ged a legink\u00e1bb \u00e9rdekelhet. \u00cdgy pl. sz\u00f3 eshet egy dal siker\u00e9nek kulcs\u00e1r\u00f3l, az ihletr\u0151l, a kompon\u00e1l\u00e1s eszk\u00f6zt\u00e1r\u00e1r\u00f3l, az alkot\u00e1s \u201ek\u00ednjair\u00f3l\u201d, zenei szoftverekr\u0151l, fel\u00e9nekl\u00e9si technik\u00e1kr\u00f3l, de szubjekt\u00edvabb ter\u00fcleteket is \u00e9rinthet\u00fcnk, mint az el\u0151ad\u00f3m\u0171v\u00e9szet mibenl\u00e9te, a k\u00f6zszerepl\u0151 \u00e9s mag\u00e1nember hat\u00e1rmezsgy\u00e9i, sz\u00ednpadi kih\u00edv\u00e1sok, l\u00e1mpal\u00e1z kezel\u00e9se&#8230;<\/p>\n\n\n\n<p>A foglalkoz\u00e1s sor\u00e1n term\u00e9szetesen&nbsp;<strong>kipr\u00f3b\u00e1lhatj\u00e1tok a jelenl\u00e9v\u0151 hangszereket<\/strong>, \u00edgy az elektromos zongor\u00e1t, szintetiz\u00e1tort, git\u00e1rt, \u00fct\u0151- \u00e9s effekthangszereket, elektromos dobot, stb. is.<\/p>\n\n\n\n<p>Az esem\u00e9nyt k\u00f6vet\u0151 p\u00e1r napon bel\u00fcl e-mailen k\u00fcldj\u00fck meg Neked, saj\u00e1t digit\u00e1lis p\u00e9ld\u00e1nyodat az egy\u00fctt elk\u00e9sz\u00edtett dem\u00f3 dalb\u00f3l MP3 form\u00e1tumban egy k\u00f6z\u00f6s fot\u00f3val egy\u00fctt, amennyiben szeretn\u00e9d.<\/p>\n\n\n\n<figure class=\"wp-block-table is-style-stripes\"><table><tbody><tr><td class=\"has-text-align-right\" data-align=\"right\">Dalszerz\u0151 \u00e9lm\u00e9nyprogram 2 \u00f3r\u00e1s | max 3 f\u0151<\/td><td>89.000 Ft<\/td><\/tr><\/tbody><\/table><\/figure>\n\n\n\n<div style=\"height:20px\" aria-hidden=\"true\" class=\"wp-block-spacer\"><\/div>\n\n\n\n<h4 class=\"wp-block-heading has-text-align-center has-white-color has-accent-background-color has-text-color has-background\"><strong>\u00c9RDEKL\u0150D\u00c9S<\/strong><\/h4>\n\n\n\n<div id=\"wp-block-themeisle-blocks-advanced-columns-1938a492\" class=\"wp-block-themeisle-blocks-advanced-columns has-3-columns has-desktop-equal-layout has-tablet-equal-layout has-mobile-collapsedRows-layout has-vertical-unset\"><div class=\"wp-block-themeisle-blocks-advanced-columns-overlay\"><\/div><div class=\"innerblocks-wrap\">\n<div id=\"wp-block-themeisle-blocks-advanced-column-9b66978c\" class=\"wp-block-themeisle-blocks-advanced-column\"><\/div>\n\n\n\n<div id=\"wp-block-themeisle-blocks-advanced-column-ab60583d\" class=\"wp-block-themeisle-blocks-advanced-column\">\n<div class=\"wp-block-contact-form-7-contact-form-selector\">\n<div class=\"wpcf7 no-js\" id=\"wpcf7-f223-o1\" lang=\"hu-HU\" dir=\"ltr\" data-wpcf7-id=\"223\">\n<div class=\"screen-reader-response\"><p role=\"status\" aria-live=\"polite\" aria-atomic=\"true\"><\/p> <ul><\/ul><\/div>\n<form action=\"\/en\/wp-json\/wp\/v2\/pages\/528#wpcf7-f223-o1\" method=\"post\" class=\"wpcf7-form init\" aria-label=\"Kapcsolatfelv\u00e9teli \u0171rlap\" novalidate=\"novalidate\" data-status=\"init\" data-trp-original-action=\"\/en\/wp-json\/wp\/v2\/pages\/528#wpcf7-f223-o1\">\n<fieldset class=\"hidden-fields-container\"><input type=\"hidden\" name=\"_wpcf7\" value=\"223\" \/><input type=\"hidden\" name=\"_wpcf7_version\" value=\"6.1.4\" \/><input type=\"hidden\" name=\"_wpcf7_locale\" value=\"hu_HU\" \/><input type=\"hidden\" name=\"_wpcf7_unit_tag\" value=\"wpcf7-f223-o1\" \/><input type=\"hidden\" name=\"_wpcf7_container_post\" value=\"0\" \/><input type=\"hidden\" name=\"_wpcf7_posted_data_hash\" value=\"\" \/>\n<\/fieldset>\n<p><label> N\u00e9v<br \/>\n<span class=\"wpcf7-form-control-wrap\" data-name=\"your-name\"><input size=\"40\" maxlength=\"400\" class=\"wpcf7-form-control wpcf7-text wpcf7-validates-as-required\" autocomplete=\"name\" aria-required=\"true\" aria-invalid=\"false\" value=\"\" type=\"text\" name=\"your-name\" \/><\/span> <\/label>\n<\/p>\n<p><label> E-mail c\u00edm<br \/>\n<span class=\"wpcf7-form-control-wrap\" data-name=\"your-email\"><input size=\"40\" maxlength=\"400\" class=\"wpcf7-form-control wpcf7-email wpcf7-validates-as-required wpcf7-text wpcf7-validates-as-email\" autocomplete=\"email\" aria-required=\"true\" aria-invalid=\"false\" value=\"\" type=\"email\" name=\"your-email\" \/><\/span> <\/label>\n<\/p>\n<p><label> T\u00e1rgy<br \/>\n<span class=\"wpcf7-form-control-wrap\" data-name=\"your-subject\"><input size=\"40\" maxlength=\"400\" class=\"wpcf7-form-control wpcf7-text wpcf7-validates-as-required\" aria-required=\"true\" aria-invalid=\"false\" value=\"\" type=\"text\" name=\"your-subject\" \/><\/span> <\/label>\n<\/p>\n<p><label> \u00dczenet<br \/>\n<span class=\"wpcf7-form-control-wrap\" data-name=\"your-message\"><textarea cols=\"40\" rows=\"10\" maxlength=\"2000\" class=\"wpcf7-form-control wpcf7-textarea\" aria-invalid=\"false\" name=\"your-message\"><\/textarea><\/span> <\/label>\n<\/p>\n<p><input class=\"wpcf7-form-control wpcf7-submit has-spinner\" type=\"submit\" value=\"Elk\u00fcld\u00e9s\" \/>\n<\/p><div class=\"wpcf7-response-output\" aria-hidden=\"true\"><\/div>\n<input type=\"hidden\" name=\"trp-form-language\" value=\"en\"\/><\/form>\n<\/div>\n<\/div>\n<\/div>\n\n\n\n<div id=\"wp-block-themeisle-blocks-advanced-column-7144f0f6\" class=\"wp-block-themeisle-blocks-advanced-column\"><\/div>\n<\/div><\/div>","protected":false},"excerpt":{"rendered":"<p>Ezen a foglalkoz\u00e1son egy \u00faj dalt \u00edrunk, Veled, k\u00f6z\u00f6sen vagy csak mint n\u00e9z\u0151, pillants bele a dalszerz\u00e9s folyamat\u00e1ba. Az alkot\u00e1s folyamat\u00e1ban annyi teret kapsz, amennyit szeretn\u00e9l! El\u0151sz\u00f6r kigondoljuk, hogy milyen hangulat\u00fa dalt szeretn\u00e9nk megalkotni. Term\u00e9szetesen hozhatsz Te is \u00f6tletet, egy dalt, dalfoszl\u00e1nyt, amihez hasonl\u00f3 hangulat\u00fa dalt szeretn\u00e9l, vagy ami a [&hellip;]<\/p>","protected":false},"author":1,"featured_media":0,"parent":226,"menu_order":0,"comment_status":"closed","ping_status":"closed","template":"","meta":{"ngg_post_thumbnail":0,"_themeisle_gutenberg_block_has_review":false,"footnotes":""},"class_list":["post-528","page","type-page","status-publish","hentry"],"_links":{"self":[{"href":"https:\/\/zeneielmenyprogram.hu\/en\/wp-json\/wp\/v2\/pages\/528","targetHints":{"allow":["GET"]}}],"collection":[{"href":"https:\/\/zeneielmenyprogram.hu\/en\/wp-json\/wp\/v2\/pages"}],"about":[{"href":"https:\/\/zeneielmenyprogram.hu\/en\/wp-json\/wp\/v2\/types\/page"}],"author":[{"embeddable":true,"href":"https:\/\/zeneielmenyprogram.hu\/en\/wp-json\/wp\/v2\/users\/1"}],"replies":[{"embeddable":true,"href":"https:\/\/zeneielmenyprogram.hu\/en\/wp-json\/wp\/v2\/comments?post=528"}],"version-history":[{"count":33,"href":"https:\/\/zeneielmenyprogram.hu\/en\/wp-json\/wp\/v2\/pages\/528\/revisions"}],"predecessor-version":[{"id":1192,"href":"https:\/\/zeneielmenyprogram.hu\/en\/wp-json\/wp\/v2\/pages\/528\/revisions\/1192"}],"up":[{"embeddable":true,"href":"https:\/\/zeneielmenyprogram.hu\/en\/wp-json\/wp\/v2\/pages\/226"}],"wp:attachment":[{"href":"https:\/\/zeneielmenyprogram.hu\/en\/wp-json\/wp\/v2\/media?parent=528"}],"curies":[{"name":"wp","href":"https:\/\/api.w.org\/{rel}","templated":true}]}}