{"id":2,"date":"2022-11-15T11:04:16","date_gmt":"2022-11-15T11:04:16","guid":{"rendered":"https:\/\/zeneielmenyprogram.hu\/?page_id=2"},"modified":"2023-11-22T15:37:09","modified_gmt":"2023-11-22T15:37:09","slug":"dalszerzo-workshop","status":"publish","type":"page","link":"https:\/\/zeneielmenyprogram.hu\/en\/cegeknek\/dalszerzo-workshop\/","title":{"rendered":"DALSZERZ\u0150 WORKSHOP"},"content":{"rendered":"<h5 class=\"wp-block-heading has-text-align-center\">Kovacsics \u00c1d\u00e1m zeneszerz\u0151 \/ producerrel \u00e9s V\u00f6lgyesi Gabriella el\u0151ad\u00f3m\u0171v\u00e9sszel, avagy<br>\u201eK\u00e9sz\u00edts\u00fck el egy\u00fctt a k\u00f6z\u00f6s himnuszotokat \/ indul\u00f3tokat \/ aktu\u00e1lis popsl\u00e1gereteket!\u201d<\/h5>\n\n\n<div class=\"wp-block-image is-style-default\">\n<figure class=\"alignleft size-large is-resized\"><img loading=\"lazy\" decoding=\"async\" src=\"https:\/\/zeneielmenyprogram.hu\/wp-content\/uploads\/2023\/03\/ws_05_gabiadam-1024x682.jpg\" alt=\"\" class=\"wp-image-216\" width=\"530\" height=\"354\" srcset=\"https:\/\/zeneielmenyprogram.hu\/wp-content\/uploads\/2023\/03\/ws_05_gabiadam-1024x682.jpg 1024w, https:\/\/zeneielmenyprogram.hu\/wp-content\/uploads\/2023\/03\/ws_05_gabiadam-300x200.jpg 300w, https:\/\/zeneielmenyprogram.hu\/wp-content\/uploads\/2023\/03\/ws_05_gabiadam-768x512.jpg 768w, https:\/\/zeneielmenyprogram.hu\/wp-content\/uploads\/2023\/03\/ws_05_gabiadam-1536x1023.jpg 1536w, https:\/\/zeneielmenyprogram.hu\/wp-content\/uploads\/2023\/03\/ws_05_gabiadam-360x240.jpg 360w, https:\/\/zeneielmenyprogram.hu\/wp-content\/uploads\/2023\/03\/ws_05_gabiadam.jpg 2005w\" sizes=\"auto, (max-width: 530px) 100vw, 530px\" \/><\/figure>\n<\/div>\n\n\n<h4 class=\"wp-block-heading has-text-color\" style=\"color:#1fa6c2\">ESSZENCIA:<\/h4>\n\n\n\n<p>&#8211; \u00daj interakt\u00edv, zenei \u00e9lm\u00e9nyprogram laikusoknak, bepillant\u00e1st adva a zeneszerz\u00e9s kulissz\u00e1i m\u00f6g\u00e9.<br>&#8211; \u00c1d\u00e1m \u00e9s Gabi vezet\u00e9s\u00e9vel, \u201ek\u00f6z\u00f6sen\u201d \u00edrunk egy dalt, \u00e9szrev\u00e9tlen\u00fcl belek\u00f3stolva a dalszerz\u0151\/ producer\/ zen\u00e9sz\/ \u00e9nekes munk\u00e1j\u00e1ba.<br>&#8211; \u00d6nfeledt kikapcsol\u00f3d\u00e1s, amely sor\u00e1n egy\u00fctt j\u00e1rjuk be az \u201eihlet \/ dallam \/ harm\u00f3ni\u00e1k \/ l\u00fcktet\u00e9s \/ hangszerel\u00e9s \/ \u201del\u0151ad\u00f3m\u0171v\u00e9szet\u201d titokzatos \u00fatj\u00e1t &#8211; Szem\u00e9lyes sztorik \u00e9s izgalmas r\u00e9szletek a zeneipar \u00e9s koncertek vil\u00e1g\u00e1b\u00f3l.<\/p>\n\n\n\n<h4 class=\"wp-block-heading has-text-color\" style=\"color:#1fa6c2\">R\u00c9SZLETEK: (1 \u00f3ra zene + 1 \u00f3ra sz\u00f6veg)<\/h4>\n\n\n\n<p><br>&#8211; \u00c1d\u00e1m bevonja a r\u00e9sztvev\u0151ket a dal\u00edr\u00e1s folyamat\u00e1ba \u00e9s k\u00f6zben sz\u00f3t ejt a modern kompon\u00e1l\u00e1s eszk\u00f6zt\u00e1r\u00e1r\u00f3l, a \u201esl\u00e1gerfaktorr\u00f3l\u201d, egy sz\u00e1m siker\u00e9nek kulcs\u00e1r\u00f3l, vagy az alkot\u00e1s k\u00ednjair\u00f3l&#8230;<br>&#8211; Gabi \u00e9nekel \u00e9s mes\u00e9l. Hallhatunk t\u0151le Unique sz\u00e1mokat \u00e9s a k\u00e9sz\u00fcl\u0151 dal is \u00e1ltala kel \u00e9letre akt\u00edvan a r\u00e9sztvev\u0151kkel vagy el\u0151tt\u00fck.<br>&#8211; Besz\u00e9l sz\u00ednpadi kih\u00edv\u00e1sair\u00f3l, a k\u00f6zszerepl\u0151 \u00e9s mag\u00e1nember hat\u00e1rmezsgy\u00e9ir\u0151l, motiv\u00e1ci\u00f3s rug\u00f3ir\u00f3l, sikereikr\u0151l \u00e9s kudarcaikr\u00f3l, \u00f6nazonoss\u00e1gr\u00f3l, \u00f6nbizalomr\u00f3l, l\u00e1tszatr\u00f3l \u00e9s arr\u00f3l, ami m\u00f6g\u00f6tt\u00fck van.<br>&#8211; A program sor\u00e1n a r\u00e9sztvev\u0151k kipr\u00f3b\u00e1lhatj\u00e1k a jelenl\u00e9v\u0151 hangszereket, \u00edgy a szintetiz\u00e1tort, git\u00e1rt, \u00fct\u0151hangszereket, elektromos dobot, stb. is.<\/p>\n\n\n\n<h4 class=\"wp-block-heading has-text-color\" style=\"color:#1fa6c2\">A PROGRAM C\u00c9LJA:<\/h4>\n\n\n\n<p>&#8211; Flow. A tot\u00e1lis kikapcsol\u00f3d\u00e1s egy\u00fctt alkotva, kreat\u00edvan, sz\u00e1mos k\u00f6z\u00f6sen meg\u00e9lt pillanattal.<br>&#8211; Sz\u00f3rakoz\u00e1s a zene nyelv\u00e9n, utaz\u00e1s annak izgalmas r\u00e9szletein kereszt\u00fcl, szellemi mun\u00edci\u00f3t is adva motiv\u00e1ci\u00f3r\u00f3l, alkalmazkod\u00e1sr\u00f3l, kitart\u00e1sr\u00f3l, szenved\u00e9lyr\u0151l&#8230;<br>&#8211; A r\u00e9sztvev\u0151k kiz\u00f6kkent\u00e9se a sz\u00fcrke h\u00e9tk\u00f6znapokb\u00f3l, sz\u00ednes m\u0171v\u00e9szszem\u00fcvegeken kereszt\u00fcl megvil\u00e1g\u00edtva v\u00e1laszokat &#8211; az egy\u00e9bk\u00e9nt mindenkit \u00e9rint\u0151 -, mindennapos k\u00e9rd\u00e9sekre.<\/p>\n\n\n<div class=\"wp-block-image\">\n<figure class=\"alignright size-large is-resized\"><img loading=\"lazy\" decoding=\"async\" src=\"https:\/\/zeneielmenyprogram.hu\/wp-content\/uploads\/2023\/03\/ws_03_gabiadam-1024x683.jpg\" alt=\"\" class=\"wp-image-214\" width=\"530\" height=\"355\" srcset=\"https:\/\/zeneielmenyprogram.hu\/wp-content\/uploads\/2023\/03\/ws_03_gabiadam-1024x683.jpg 1024w, https:\/\/zeneielmenyprogram.hu\/wp-content\/uploads\/2023\/03\/ws_03_gabiadam-300x200.jpg 300w, https:\/\/zeneielmenyprogram.hu\/wp-content\/uploads\/2023\/03\/ws_03_gabiadam-360x240.jpg 360w\" sizes=\"auto, (max-width: 530px) 100vw, 530px\" \/><\/figure>\n<\/div>\n\n\n<h4 class=\"wp-block-heading has-text-color\" style=\"color:#1fa6c2\">A DALSZERZ\u00c9S MARG\u00d3J\u00c1RA:<\/h4>\n\n\n\n<p>A dalszerz\u00e9s sor\u00e1n sz\u00e1mtalan izgalmas d\u00f6nt\u00e9shelyzet ad\u00f3dhat. Kiv\u00e1lasztjuk a dal m\u0171faj\u00e1t (jazz, pop, rock, met\u00e1l, soul, R&amp;B, rap, blues, country&#8230;), temp\u00f3j\u00e1t (lassabb-gyorsabb-k\u00f6z\u00e9ptemp\u00f3s), dinamik\u00e1j\u00e1t (halkabb-hangosabb), ritmus\u00e1t, hangv\u00e9tel\u00e9t (d\u00faros-f\u00e9nyes, \u00f6r\u00f6mteli, vagy mollos-szomork\u00e1s), a dal karakter\u00e9t, kital\u00e1ljuk a f\u0151dallamot, helyre rakjuk a st\u00edlusjegyeket&#8230;<\/p>\n\n\n\n<h4 class=\"wp-block-heading has-text-color\" style=\"color:#1fa6c2\">DALSZ\u00d6VEG:<\/h4>\n\n\n\n<p>A dalhoz sz\u00f6veg is kell! Ezt (1) megalkothatja profi sz\u00f6veg\u00edr\u00f3, el\u0151re megadott kulcsszavak \/ t\u00e9m\u00e1k \/ hangulatok alapj\u00e1n, vagy helyben improviz\u00e1lva az aktu\u00e1lis hangulatokat v\u00e9ve alapul \u00e9s (2) elk\u00e9sz\u00edtheti a csapat is vagy annak lelkes amat\u0151r tagjai. Sz\u00fclettek m\u00e1r csod\u00e1k \u00edgy is \u2013 \u00fagy is.<\/p>\n\n\n\n<h4 class=\"wp-block-heading has-text-color\" style=\"color:#1fa6c2\">Z\u00c1R\u00d3AKKORD<\/h4>\n\n\n\n<p>Az esem\u00e9nyt k\u00f6vet\u0151en a r\u00e9sztvev\u0151k, p\u00e1r napon bel\u00fcl e-mailen kapj\u00e1k k\u00e9zhez saj\u00e1t p\u00e9ld\u00e1nyukat az egy\u00fctt elk\u00e9sz\u00edtett dalb\u00f3l.<\/p>\n\n\n\n<div class=\"wp-block-group is-vertical is-content-justification-center is-layout-flex wp-container-core-group-is-layout-4b2eccd6 wp-block-group-is-layout-flex\">\n<h6 class=\"wp-block-heading has-text-align-center has-text-color\" style=\"color:#1fa6c2\">L\u00e9tsz\u00e1m: kb. 10 f\u0151ig<br>Program hossza: kb. 2 \u00f3ra, 10-15 perc sz\u00fcnettel<br><\/h6>\n<\/div>\n\n\n\n<div style=\"height:20px\" aria-hidden=\"true\" class=\"wp-block-spacer\"><\/div>\n\n\n\n<h4 class=\"wp-block-heading has-text-align-center has-white-color has-accent-background-color has-text-color has-background\"><strong>\u00c9RDEKL\u0150D\u00c9S<\/strong><\/h4>\n\n\n\n<div id=\"wp-block-themeisle-blocks-advanced-columns-1938a492\" class=\"wp-block-themeisle-blocks-advanced-columns has-3-columns has-desktop-equal-layout has-tablet-equal-layout has-mobile-collapsedRows-layout has-vertical-unset\"><div class=\"wp-block-themeisle-blocks-advanced-columns-overlay\"><\/div><div class=\"innerblocks-wrap\">\n<div id=\"wp-block-themeisle-blocks-advanced-column-9b66978c\" class=\"wp-block-themeisle-blocks-advanced-column\"><\/div>\n\n\n\n<div id=\"wp-block-themeisle-blocks-advanced-column-ab60583d\" class=\"wp-block-themeisle-blocks-advanced-column\">\n<div class=\"wp-block-contact-form-7-contact-form-selector\">\n<div class=\"wpcf7 no-js\" id=\"wpcf7-f223-o1\" lang=\"hu-HU\" dir=\"ltr\" data-wpcf7-id=\"223\">\n<div class=\"screen-reader-response\"><p role=\"status\" aria-live=\"polite\" aria-atomic=\"true\"><\/p> <ul><\/ul><\/div>\n<form action=\"\/en\/wp-json\/wp\/v2\/pages\/2#wpcf7-f223-o1\" method=\"post\" class=\"wpcf7-form init\" aria-label=\"Kapcsolatfelv\u00e9teli \u0171rlap\" novalidate=\"novalidate\" data-status=\"init\" data-trp-original-action=\"\/en\/wp-json\/wp\/v2\/pages\/2#wpcf7-f223-o1\">\n<fieldset class=\"hidden-fields-container\"><input type=\"hidden\" name=\"_wpcf7\" value=\"223\" \/><input type=\"hidden\" name=\"_wpcf7_version\" value=\"6.1.4\" \/><input type=\"hidden\" name=\"_wpcf7_locale\" value=\"hu_HU\" \/><input type=\"hidden\" name=\"_wpcf7_unit_tag\" value=\"wpcf7-f223-o1\" \/><input type=\"hidden\" name=\"_wpcf7_container_post\" value=\"0\" \/><input type=\"hidden\" name=\"_wpcf7_posted_data_hash\" value=\"\" \/>\n<\/fieldset>\n<p><label> N\u00e9v<br \/>\n<span class=\"wpcf7-form-control-wrap\" data-name=\"your-name\"><input size=\"40\" maxlength=\"400\" class=\"wpcf7-form-control wpcf7-text wpcf7-validates-as-required\" autocomplete=\"name\" aria-required=\"true\" aria-invalid=\"false\" value=\"\" type=\"text\" name=\"your-name\" \/><\/span> <\/label>\n<\/p>\n<p><label> E-mail c\u00edm<br \/>\n<span class=\"wpcf7-form-control-wrap\" data-name=\"your-email\"><input size=\"40\" maxlength=\"400\" class=\"wpcf7-form-control wpcf7-email wpcf7-validates-as-required wpcf7-text wpcf7-validates-as-email\" autocomplete=\"email\" aria-required=\"true\" aria-invalid=\"false\" value=\"\" type=\"email\" name=\"your-email\" \/><\/span> <\/label>\n<\/p>\n<p><label> T\u00e1rgy<br \/>\n<span class=\"wpcf7-form-control-wrap\" data-name=\"your-subject\"><input size=\"40\" maxlength=\"400\" class=\"wpcf7-form-control wpcf7-text wpcf7-validates-as-required\" aria-required=\"true\" aria-invalid=\"false\" value=\"\" type=\"text\" name=\"your-subject\" \/><\/span> <\/label>\n<\/p>\n<p><label> \u00dczenet<br \/>\n<span class=\"wpcf7-form-control-wrap\" data-name=\"your-message\"><textarea cols=\"40\" rows=\"10\" maxlength=\"2000\" class=\"wpcf7-form-control wpcf7-textarea\" aria-invalid=\"false\" name=\"your-message\"><\/textarea><\/span> <\/label>\n<\/p>\n<p><input class=\"wpcf7-form-control wpcf7-submit has-spinner\" type=\"submit\" value=\"Elk\u00fcld\u00e9s\" \/>\n<\/p><div class=\"wpcf7-response-output\" aria-hidden=\"true\"><\/div>\n<input type=\"hidden\" name=\"trp-form-language\" value=\"en\"\/><\/form>\n<\/div>\n<\/div>\n<\/div>\n\n\n\n<div id=\"wp-block-themeisle-blocks-advanced-column-7144f0f6\" class=\"wp-block-themeisle-blocks-advanced-column\"><\/div>\n<\/div><\/div>","protected":false},"excerpt":{"rendered":"<p>Kovacsics \u00c1d\u00e1m zeneszerz\u0151 \/ producerrel \u00e9s V\u00f6lgyesi Gabriella el\u0151ad\u00f3m\u0171v\u00e9sszel, avagy\u201eK\u00e9sz\u00edts\u00fck el egy\u00fctt a k\u00f6z\u00f6s himnuszotokat \/ indul\u00f3tokat \/ aktu\u00e1lis popsl\u00e1gereteket!\u201d ESSZENCIA: &#8211; \u00daj interakt\u00edv, zenei \u00e9lm\u00e9nyprogram laikusoknak, bepillant\u00e1st adva a zeneszerz\u00e9s kulissz\u00e1i m\u00f6g\u00e9.&#8211; \u00c1d\u00e1m \u00e9s Gabi vezet\u00e9s\u00e9vel, \u201ek\u00f6z\u00f6sen\u201d \u00edrunk egy dalt, \u00e9szrev\u00e9tlen\u00fcl belek\u00f3stolva a dalszerz\u0151\/ producer\/ zen\u00e9sz\/ \u00e9nekes munk\u00e1j\u00e1ba.&#8211; \u00d6nfeledt [&hellip;]<\/p>","protected":false},"author":1,"featured_media":0,"parent":174,"menu_order":0,"comment_status":"closed","ping_status":"closed","template":"","meta":{"ngg_post_thumbnail":0,"_themeisle_gutenberg_block_has_review":false,"footnotes":""},"class_list":["post-2","page","type-page","status-publish","hentry"],"_links":{"self":[{"href":"https:\/\/zeneielmenyprogram.hu\/en\/wp-json\/wp\/v2\/pages\/2","targetHints":{"allow":["GET"]}}],"collection":[{"href":"https:\/\/zeneielmenyprogram.hu\/en\/wp-json\/wp\/v2\/pages"}],"about":[{"href":"https:\/\/zeneielmenyprogram.hu\/en\/wp-json\/wp\/v2\/types\/page"}],"author":[{"embeddable":true,"href":"https:\/\/zeneielmenyprogram.hu\/en\/wp-json\/wp\/v2\/users\/1"}],"replies":[{"embeddable":true,"href":"https:\/\/zeneielmenyprogram.hu\/en\/wp-json\/wp\/v2\/comments?post=2"}],"version-history":[{"count":78,"href":"https:\/\/zeneielmenyprogram.hu\/en\/wp-json\/wp\/v2\/pages\/2\/revisions"}],"predecessor-version":[{"id":851,"href":"https:\/\/zeneielmenyprogram.hu\/en\/wp-json\/wp\/v2\/pages\/2\/revisions\/851"}],"up":[{"embeddable":true,"href":"https:\/\/zeneielmenyprogram.hu\/en\/wp-json\/wp\/v2\/pages\/174"}],"wp:attachment":[{"href":"https:\/\/zeneielmenyprogram.hu\/en\/wp-json\/wp\/v2\/media?parent=2"}],"curies":[{"name":"wp","href":"https:\/\/api.w.org\/{rel}","templated":true}]}}