{"id":139,"date":"2023-01-24T10:54:56","date_gmt":"2023-01-24T10:54:56","guid":{"rendered":"https:\/\/zeneielmenyprogram.hu\/?page_id=139"},"modified":"2023-11-22T15:37:28","modified_gmt":"2023-11-22T15:37:28","slug":"koncert-talkshow","status":"publish","type":"page","link":"https:\/\/zeneielmenyprogram.hu\/en\/cegeknek\/koncert-talkshow\/","title":{"rendered":"KONCERT + TALKSHOW"},"content":{"rendered":"<h5 class=\"wp-block-heading has-text-align-center\">a Unique zen\u00e9szeivel, Kovacsics \u00c1d\u00e1m zeneszerz\u0151\/producerrel \u00e9s V\u00f6lgyesi Gabriella el\u0151ad\u00f3m\u0171v\u00e9sszel.<\/h5>\n\n\n<div class=\"wp-block-image\">\n<figure class=\"alignright size-large is-resized\"><img loading=\"lazy\" decoding=\"async\" src=\"https:\/\/zeneielmenyprogram.hu\/wp-content\/uploads\/2023\/04\/unique_02-681x1024.jpg\" alt=\"\" class=\"wp-image-466\" width=\"511\" height=\"768\" srcset=\"https:\/\/zeneielmenyprogram.hu\/wp-content\/uploads\/2023\/04\/unique_02-681x1024.jpg 681w, https:\/\/zeneielmenyprogram.hu\/wp-content\/uploads\/2023\/04\/unique_02-200x300.jpg 200w, https:\/\/zeneielmenyprogram.hu\/wp-content\/uploads\/2023\/04\/unique_02-768x1155.jpg 768w, https:\/\/zeneielmenyprogram.hu\/wp-content\/uploads\/2023\/04\/unique_02-1021x1536.jpg 1021w, https:\/\/zeneielmenyprogram.hu\/wp-content\/uploads\/2023\/04\/unique_02.jpg 1330w\" sizes=\"auto, (max-width: 511px) 100vw, 511px\" \/><\/figure>\n<\/div>\n\n\n<h4 class=\"wp-block-heading has-text-color\" style=\"color:#1fa6c2\">ESSZENCIA:<\/h4>\n\n\n\n<p>A program sor\u00e1n a r\u00e9sztvev\u0151k egy akusztikus Unique koncertet \u00e9lvezhetnek is- mert sl\u00e1gerekkel (Csillagtenger, Angyal, Mozaik, Mi van a nevedben?&#8230;), amit k\u00fcl\u00f6nf\u00e9le interakt\u00edv meglepet\u00e9sblokkok szak\u00edtanak f\u00e9lbe. Kb. 1 \u00f3ra tiszta zene \u00e9s 1 \u00f3ra \u00e9l\u0151 sz\u00f3\/egy\u00e9b v\u00e1rhat\u00f3.<br>A r\u00e9sztvev\u0151k \u2013 a profi zen\u00e9szek bevon\u00e1s\u00e1val &#8211; j\u00e1t\u00e9kos-interakt\u00edv ritmus- \u00e9s harm\u00f3niagyakorlatokon kereszt\u00fcl meg\u00edzlelhetik a k\u00f6z\u00f6s alkot\u00e1s felemel\u0151 \u00e9rz\u00e9s\u00e9t, izgalmas r\u00e9szleteket hallhatnak a zeneipar \u00e9s koncertek vil\u00e1g\u00e1b\u00f3l \u00e9s szem\u00e9lyes sztorikat Gabi \u00e9s \u00c1d\u00e1m 25 \u00e9v szakmai t\u00f6rt\u00e9n\u00e9seib\u0151l.<br>Az esem\u00e9ny sor\u00e1n n\u00e9gyen vagyunk \u201esz\u00ednpadon\u201d:<br>1. \u00e9nek (V\u00f6lgyesi Gabriella) el\u0151ad\u00f3m\u0171v\u00e9sz,<br>2. szintetiz\u00e1tor (Kovacsics \u00c1d\u00e1m) Cannes-i rekl\u00e1mzened\u00edj-nyertes zeneszerz\u0151,<br>3. git\u00e1r (Dajka Kriszti\u00e1n) Artisjus-d\u00edjjas git\u00e1rm\u0171v\u00e9sz,<br>4. dob, \u00fct\u0151hangszerek (Czibere J\u00f3zsef) t\u00f6bbsz\u00f6r\u00f6sen az \u00e9v \u00fct\u0151hangszerese d\u00edjas.<\/p>\n\n\n\n<h4 class=\"wp-block-heading has-text-color\" style=\"color:#1fa6c2\">A PROGRAM C\u00c9LJA:<\/h4>\n\n\n\n<p>&#8211; Flow. A tot\u00e1lis kikapcsol\u00f3d\u00e1s testileg \u00e9s lelkileg felt\u00f6lt\u0151dve, egy\u00fcttzen\u00e9lve, kreat\u00edvan, egy csom\u00f3 k\u00f6z\u00f6sen l\u00e9trehozott pillanattal.<br>&#8211; Sz\u00f3rakoz\u00e1s a zene nyelv\u00e9n, utaz\u00e1s annak izgalmas r\u00e9szletein kereszt\u00fcl, szellemi mun\u00edci\u00f3t adva motiv\u00e1ci\u00f3r\u00f3l, alkalmazkod\u00e1sr\u00f3l, kitart\u00e1sr\u00f3l, szenved\u00e9lyr\u0151l&#8230;<br>&#8211; A r\u00e9sztvev\u0151k kiz\u00f6kkent\u00e9se a sz\u00fcrke h\u00e9tk\u00f6znapokb\u00f3l, sz\u00ednes m\u0171v\u00e9szszem\u00fcvegeken kereszt\u00fcl megvil\u00e1g\u00edtva v\u00e1laszokat- az egy\u00e9bk\u00e9nt mindenkit \u00e9rint\u0151 -, mindennapos probl\u00e9m\u00e1kra.<\/p>\n\n\n<div class=\"wp-block-image\">\n<figure class=\"alignleft size-large is-resized\"><img loading=\"lazy\" decoding=\"async\" src=\"https:\/\/zeneielmenyprogram.hu\/wp-content\/uploads\/2023\/04\/DSC7807es-1024x682.jpg\" alt=\"\" class=\"wp-image-470\" width=\"512\" height=\"341\" srcset=\"https:\/\/zeneielmenyprogram.hu\/wp-content\/uploads\/2023\/04\/DSC7807es-1024x682.jpg 1024w, https:\/\/zeneielmenyprogram.hu\/wp-content\/uploads\/2023\/04\/DSC7807es-300x200.jpg 300w, https:\/\/zeneielmenyprogram.hu\/wp-content\/uploads\/2023\/04\/DSC7807es-768x512.jpg 768w, https:\/\/zeneielmenyprogram.hu\/wp-content\/uploads\/2023\/04\/DSC7807es-1536x1024.jpg 1536w, https:\/\/zeneielmenyprogram.hu\/wp-content\/uploads\/2023\/04\/DSC7807es-2048x1365.jpg 2048w, https:\/\/zeneielmenyprogram.hu\/wp-content\/uploads\/2023\/04\/DSC7807es-360x240.jpg 360w\" sizes=\"auto, (max-width: 512px) 100vw, 512px\" \/><\/figure>\n<\/div>\n\n\n<h4 class=\"wp-block-heading has-text-color\" style=\"color:#1fa6c2\">R\u00c9SZLETEK:<\/h4>\n\n\n\n<p>&#8211; A k\u00f6z\u00f6s ritmus- \u00e9s harm\u00f3niaj\u00e1t\u00e9kok sor\u00e1n a zen\u00e9szek k\u00f6zrem\u0171k\u00f6d\u00e9s\u00e9vel bevonjuk a k\u00f6z\u00f6ns\u00e9get \u00e9s a kevesebbt\u0151l a t\u00f6bb fel\u00e9 haladva \u201ev\u00e1rakat \u00e9p\u00edt\u00fcnk fel\u201d. A b\u00e1trabbak \u00fct\u0151hangszert, vagy ak\u00e1r git\u00e1rt is kaphatnak a kez\u00fckbe, a teljesebb zenei \u00e9lm\u00e9ny \u00e9rdek\u00e9ben.<br>&#8211; Improviz\u00e1ci\u00f3s j\u00e1t\u00e9kok sor\u00e1n megfigyelhetj\u00fck, milyen eszk\u00f6zt\u00e1rral oper\u00e1l a zene, k\u00fcl\u00f6nb\u00f6z\u0151 hangulatok lefest\u00e9se \u00e9rdek\u00e9ben.<br>&#8211; \u00c1d\u00e1m, a zeneszerz\u0151 szem\u00fcveg\u00e9n kereszt\u00fcl ejt sz\u00f3t ihletr\u0151l, a dalszerz\u00e9sr\u0151l, vagy annak k\u00ednjair\u00f3l, \u201esl\u00e1gerfaktorr\u00f3l\u201d, a dal\u00edr\u00e1shoz sz\u00fcks\u00e9ges eszk\u00f6z\u00f6kr\u0151l \u00e9s hangszerekr\u0151l, egy dal siker\u00e9nek kulcs\u00e1r\u00f3l&#8230;<br>&#8211; Gabi el\u0151ad\u00f3m\u0171v\u00e9szk\u00e9nt &#8211; az \u00e9rz\u00e9sek oldal\u00e1r\u00f3l k\u00f6zel\u00edtve -, besz\u00e9l sz\u00ednpadi kih\u00edv\u00e1sair\u00f3l, motiv\u00e1ci\u00f3s rug\u00f3ir\u00f3l, \u00f6nazonoss\u00e1gr\u00f3l k\u00f6zszerepl\u0151k\u00e9nt, sikerr\u0151l, kudarcr\u00f3l, magabiztoss\u00e1gr\u00f3l, \u00f6nbizalomr\u00f3l, l\u00e1tszatr\u00f3l \u00e9s ami m\u00f6g\u00f6tte van&#8230;<br>&#8211; Sz\u00f3 esik di\u00f3h\u00e9jban a zeneipari szerepl\u0151kr\u0151l, feladataikr\u00f3l, a royaltyk vil\u00e1g\u00e1r\u00f3l&#8230;<br>&#8211; Gabi \u00edzel\u00edt\u0151t ad, hogy \u00e9nekel f\u00e9rfi hangon, operett st\u00edlusban, vagy ak\u00e1r Cherk\u00e9nt, Shakirak\u00e9nt, Madonnak\u00e9nt&#8230;<br>&#8211; K\u00f6zk\u00edv\u00e1natra dalt v\u00e1lasztunk, amit a megszokotthoz k\u00e9pest tot\u00e1l m\u00e1s st\u00edlusokban j\u00e1tszanak el a profi zen\u00e9szeink (jazz, bossanova, pop, rock, trash metal, klasszikus&#8230;) megvil\u00e1g\u00edtva a st\u00edlusjegyek, a csomagol\u00e1s, a marketing fontoss\u00e1g\u00e1t&#8230;<br>&#8211; Az \u00e9rdekl\u0151d\u0151k kipr\u00f3b\u00e1lhatj\u00e1k a jelenl\u00e9v\u0151 hangszereket, \u00edgy a szintetiz\u00e1tort, \u00fct\u0151hangszereket, elektromos dobot, git\u00e1rt stb.<br>&#8211; Egy\u00e9b meglepet\u00e9sek.<\/p>\n\n\n\n<h6 class=\"wp-block-heading has-text-align-center has-text-color\" style=\"color:#1fa6c2\">L\u00e9tsz\u00e1m: nincs korl\u00e1t<br>Program hossza: kb. 2 \u00f3ra<\/h6>\n\n\n\n<div style=\"height:20px\" aria-hidden=\"true\" class=\"wp-block-spacer\"><\/div>\n\n\n\n<h4 class=\"wp-block-heading has-text-align-center has-white-color has-accent-background-color has-text-color has-background\"><strong>\u00c9RDEKL\u0150D\u00c9S<\/strong><\/h4>\n\n\n\n<div id=\"wp-block-themeisle-blocks-advanced-columns-1938a492\" class=\"wp-block-themeisle-blocks-advanced-columns has-3-columns has-desktop-equal-layout has-tablet-equal-layout has-mobile-collapsedRows-layout has-vertical-unset\"><div class=\"wp-block-themeisle-blocks-advanced-columns-overlay\"><\/div><div class=\"innerblocks-wrap\">\n<div id=\"wp-block-themeisle-blocks-advanced-column-9b66978c\" class=\"wp-block-themeisle-blocks-advanced-column\"><\/div>\n\n\n\n<div id=\"wp-block-themeisle-blocks-advanced-column-ab60583d\" class=\"wp-block-themeisle-blocks-advanced-column\">\n<div class=\"wp-block-contact-form-7-contact-form-selector\">\n<div class=\"wpcf7 no-js\" id=\"wpcf7-f223-o1\" lang=\"hu-HU\" dir=\"ltr\" data-wpcf7-id=\"223\">\n<div class=\"screen-reader-response\"><p role=\"status\" aria-live=\"polite\" aria-atomic=\"true\"><\/p> <ul><\/ul><\/div>\n<form action=\"\/en\/wp-json\/wp\/v2\/pages\/139#wpcf7-f223-o1\" method=\"post\" class=\"wpcf7-form init\" aria-label=\"Kapcsolatfelv\u00e9teli \u0171rlap\" novalidate=\"novalidate\" data-status=\"init\" data-trp-original-action=\"\/en\/wp-json\/wp\/v2\/pages\/139#wpcf7-f223-o1\">\n<fieldset class=\"hidden-fields-container\"><input type=\"hidden\" name=\"_wpcf7\" value=\"223\" \/><input type=\"hidden\" name=\"_wpcf7_version\" value=\"6.1.4\" \/><input type=\"hidden\" name=\"_wpcf7_locale\" value=\"hu_HU\" \/><input type=\"hidden\" name=\"_wpcf7_unit_tag\" value=\"wpcf7-f223-o1\" \/><input type=\"hidden\" name=\"_wpcf7_container_post\" value=\"0\" \/><input type=\"hidden\" name=\"_wpcf7_posted_data_hash\" value=\"\" \/>\n<\/fieldset>\n<p><label> N\u00e9v<br \/>\n<span class=\"wpcf7-form-control-wrap\" data-name=\"your-name\"><input size=\"40\" maxlength=\"400\" class=\"wpcf7-form-control wpcf7-text wpcf7-validates-as-required\" autocomplete=\"name\" aria-required=\"true\" aria-invalid=\"false\" value=\"\" type=\"text\" name=\"your-name\" \/><\/span> <\/label>\n<\/p>\n<p><label> E-mail c\u00edm<br \/>\n<span class=\"wpcf7-form-control-wrap\" data-name=\"your-email\"><input size=\"40\" maxlength=\"400\" class=\"wpcf7-form-control wpcf7-email wpcf7-validates-as-required wpcf7-text wpcf7-validates-as-email\" autocomplete=\"email\" aria-required=\"true\" aria-invalid=\"false\" value=\"\" type=\"email\" name=\"your-email\" \/><\/span> <\/label>\n<\/p>\n<p><label> T\u00e1rgy<br \/>\n<span class=\"wpcf7-form-control-wrap\" data-name=\"your-subject\"><input size=\"40\" maxlength=\"400\" class=\"wpcf7-form-control wpcf7-text wpcf7-validates-as-required\" aria-required=\"true\" aria-invalid=\"false\" value=\"\" type=\"text\" name=\"your-subject\" \/><\/span> <\/label>\n<\/p>\n<p><label> \u00dczenet<br \/>\n<span class=\"wpcf7-form-control-wrap\" data-name=\"your-message\"><textarea cols=\"40\" rows=\"10\" maxlength=\"2000\" class=\"wpcf7-form-control wpcf7-textarea\" aria-invalid=\"false\" name=\"your-message\"><\/textarea><\/span> <\/label>\n<\/p>\n<p><input class=\"wpcf7-form-control wpcf7-submit has-spinner\" type=\"submit\" value=\"Elk\u00fcld\u00e9s\" \/>\n<\/p><div class=\"wpcf7-response-output\" aria-hidden=\"true\"><\/div>\n<input type=\"hidden\" name=\"trp-form-language\" value=\"en\"\/><\/form>\n<\/div>\n<\/div>\n<\/div>\n\n\n\n<div id=\"wp-block-themeisle-blocks-advanced-column-7144f0f6\" class=\"wp-block-themeisle-blocks-advanced-column\"><\/div>\n<\/div><\/div>","protected":false},"excerpt":{"rendered":"<p>a Unique zen\u00e9szeivel, Kovacsics \u00c1d\u00e1m zeneszerz\u0151\/producerrel \u00e9s V\u00f6lgyesi Gabriella el\u0151ad\u00f3m\u0171v\u00e9sszel. ESSZENCIA: A program sor\u00e1n a r\u00e9sztvev\u0151k egy akusztikus Unique koncertet \u00e9lvezhetnek is- mert sl\u00e1gerekkel (Csillagtenger, Angyal, Mozaik, Mi van a nevedben?&#8230;), amit k\u00fcl\u00f6nf\u00e9le interakt\u00edv meglepet\u00e9sblokkok szak\u00edtanak f\u00e9lbe. Kb. 1 \u00f3ra tiszta zene \u00e9s 1 \u00f3ra \u00e9l\u0151 sz\u00f3\/egy\u00e9b v\u00e1rhat\u00f3.A r\u00e9sztvev\u0151k \u2013 [&hellip;]<\/p>","protected":false},"author":1,"featured_media":0,"parent":174,"menu_order":0,"comment_status":"closed","ping_status":"closed","template":"","meta":{"ngg_post_thumbnail":0,"_themeisle_gutenberg_block_has_review":false,"footnotes":""},"class_list":["post-139","page","type-page","status-publish","hentry"],"_links":{"self":[{"href":"https:\/\/zeneielmenyprogram.hu\/en\/wp-json\/wp\/v2\/pages\/139","targetHints":{"allow":["GET"]}}],"collection":[{"href":"https:\/\/zeneielmenyprogram.hu\/en\/wp-json\/wp\/v2\/pages"}],"about":[{"href":"https:\/\/zeneielmenyprogram.hu\/en\/wp-json\/wp\/v2\/types\/page"}],"author":[{"embeddable":true,"href":"https:\/\/zeneielmenyprogram.hu\/en\/wp-json\/wp\/v2\/users\/1"}],"replies":[{"embeddable":true,"href":"https:\/\/zeneielmenyprogram.hu\/en\/wp-json\/wp\/v2\/comments?post=139"}],"version-history":[{"count":32,"href":"https:\/\/zeneielmenyprogram.hu\/en\/wp-json\/wp\/v2\/pages\/139\/revisions"}],"predecessor-version":[{"id":854,"href":"https:\/\/zeneielmenyprogram.hu\/en\/wp-json\/wp\/v2\/pages\/139\/revisions\/854"}],"up":[{"embeddable":true,"href":"https:\/\/zeneielmenyprogram.hu\/en\/wp-json\/wp\/v2\/pages\/174"}],"wp:attachment":[{"href":"https:\/\/zeneielmenyprogram.hu\/en\/wp-json\/wp\/v2\/media?parent=139"}],"curies":[{"name":"wp","href":"https:\/\/api.w.org\/{rel}","templated":true}]}}