{"id":113,"date":"2023-01-24T10:30:25","date_gmt":"2023-01-24T10:30:25","guid":{"rendered":"https:\/\/zeneielmenyprogram.hu\/?page_id=113"},"modified":"2023-11-22T15:37:14","modified_gmt":"2023-11-22T15:37:14","slug":"zenei-elmenyprogram","status":"publish","type":"page","link":"https:\/\/zeneielmenyprogram.hu\/en\/cegeknek\/zenei-elmenyprogram\/","title":{"rendered":"ZENEI \u00c9LM\u00c9NYPROGRAM"},"content":{"rendered":"<h5 class=\"wp-block-heading has-text-align-center\">Kovacsics \u00c1d\u00e1m zeneszerz\u0151\/producerrel \u00e9s V\u00f6lgyesi Gabriella el\u0151ad\u00f3m\u0171v\u00e9sszel, avagy<br>pillantsatok be a zene vil\u00e1g\u00e1nak kulissz\u00e1i m\u00f6g\u00e9 \u00e9s k\u00f6zben \u00edrjunk dalt!<\/h5>\n\n\n\n<h4 class=\"wp-block-heading has-text-color\" style=\"color:#1fa6c2\">ESSZENCIA:<\/h4>\n\n\n\n<p>&#8211; \u00daj, interakt\u00edv \u00e9lm\u00e9nyprogram laikusoknak, r\u00e1l\u00e1t\u00e1st adva a zeneszerz\u00e9s kulisszatitkaira.<br>&#8211; \u00c1d\u00e1m \u00e9s Gabi vezet\u00e9s\u00e9vel, \u201ek\u00f6z\u00f6sen\u201d \u00edrunk egy dalt, \u00e9szrev\u00e9tlen\u00fcl belek\u00f3stolva a dalszerz\u0151\/ producer\/ zen\u00e9sz\/ \u00e9nekes munk\u00e1j\u00e1ba.<br>&#8211; \u00d6nfeledt kikapcsol\u00f3d\u00e1s, amely sor\u00e1n egy\u00fctt j\u00e1rjuk be az \u201eihlet\/ dallam\/ harm\u00f3ni\u00e1k\/ l\u00fcktet\u00e9s\/ hangszerel\u00e9s\/ \u201del\u0151ad\u00f3m\u0171v\u00e9szet\u201d titokzatos \u00fatj\u00e1t.<br>&#8211; Szem\u00e9lyes sztorik \u00e9s izgalmas r\u00e9szletek a zeneipar \u00e9s koncertek vil\u00e1g\u00e1b\u00f3l.<\/p>\n\n\n<div class=\"wp-block-image\">\n<figure class=\"alignright size-large is-resized\"><img loading=\"lazy\" decoding=\"async\" src=\"https:\/\/zeneielmenyprogram.hu\/wp-content\/uploads\/2023\/04\/ws_50-1024x769.jpg\" alt=\"\" class=\"wp-image-457\" width=\"530\" height=\"399\" srcset=\"https:\/\/zeneielmenyprogram.hu\/wp-content\/uploads\/2023\/04\/ws_50-1024x769.jpg 1024w, https:\/\/zeneielmenyprogram.hu\/wp-content\/uploads\/2023\/04\/ws_50-300x225.jpg 300w, https:\/\/zeneielmenyprogram.hu\/wp-content\/uploads\/2023\/04\/ws_50-768x577.jpg 768w, https:\/\/zeneielmenyprogram.hu\/wp-content\/uploads\/2023\/04\/ws_50-1536x1154.jpg 1536w, https:\/\/zeneielmenyprogram.hu\/wp-content\/uploads\/2023\/04\/ws_50-2048x1539.jpg 2048w\" sizes=\"auto, (max-width: 530px) 100vw, 530px\" \/><\/figure>\n<\/div>\n\n\n<h4 class=\"wp-block-heading has-text-color\" style=\"color:#1fa6c2\">R\u00c9SZLETEK: (1 \u00f3ra zene + 1 \u00f3ra sz\u00f6veg)<\/h4>\n\n\n\n<p>&#8211; A k\u00f6z\u00f6s ritmus- \u00e9s harm\u00f3niaj\u00e1t\u00e9kokon kereszt\u00fcl a r\u00e9sztvev\u0151k \u201eAHA\u201d \u00e9lm\u00e9nyt \u00e9lhetnek \u00e1t, mik\u00f6zben tudatosul az egym\u00e1sra val\u00f3 odafigyel\u00e9s fontoss\u00e1ga, ami n\u00e9lk\u00fcl\u00f6zhetetlen a k\u00f6z\u00f6s v\u00e1rak \u00e9p\u00edt\u00e9s\u00e9hez&#8230;<br>&#8211; A b\u00e1trabbak \u00fct\u0151-, effekthangszert, vagy ak\u00e1r git\u00e1rt is kaphatnak a kez\u00fckbe, a teljesebb zenei \u00e9lm\u00e9ny \u00e9rdek\u00e9ben, de a program folyam\u00e1n k\u00e9s\u0151bb is kipr\u00f3b\u00e1lhatj\u00e1k a jelenl\u00e9v\u0151 hangszereket, \u00edgy a szintetiz\u00e1tort, git\u00e1rt, \u00fct\u0151hangszereket, elektromos dobot, stb. is.<br>&#8211; \u00c1d\u00e1m bevonja a r\u00e9sztvev\u0151ket a dal\u00edr\u00e1s folyamat\u00e1ba \u00e9s k\u00f6zben sz\u00f3t ejt a modern kompon\u00e1l\u00e1s eszk\u00f6zt\u00e1r\u00e1r\u00f3l, \u201esl\u00e1ger- faktorr\u00f3l\u201d, egy sz\u00e1m siker\u00e9nek kulcs\u00e1r\u00f3l, vagy az alkot\u00e1s k\u00ednjair\u00f3l&#8230;<br>&#8211; Gabi \u00e9nekel \u00e9s mes\u00e9l. Hallhatunk t\u0151le Unique sz\u00e1mokat \u00e9s a k\u00e9sz\u00fcl\u0151 dalt, plusz \u00edzel\u00edt\u0151t ad, hogy \u00e9nekel f\u00e9rfi hangon, operett st\u00edlusban, vagy ak\u00e1r Cherk\u00e9nt, Shakirak\u00e9nt, Madonnak\u00e9nt.<br>&#8211; Besz\u00e9l sz\u00ednpadi kih\u00edv\u00e1sair\u00f3l, a k\u00f6zszerepl\u0151 \u00e9s mag\u00e1nember hat\u00e1rmezsgy\u00e9ir\u0151l, motiv\u00e1ci\u00f3s rug\u00f3ir\u00f3l, sikereikr\u0151l \u00e9s kudarcaikr\u00f3l, \u00f6nazonoss\u00e1gr\u00f3l, \u00f6nbizalomr\u00f3l, a l\u00e1tszatr\u00f3l \u00e9s ami m\u00f6g\u00f6tte van.<br>&#8211; Sz\u00ednes r\u00e9szletek t\u00e1rulnak fel a zeneipar szerepl\u0151ir\u0151l, feladataikr\u00f3l, a jogd\u00edjak vil\u00e1g\u00e1r\u00f3l&#8230;<\/p>\n\n\n\n<h4 class=\"wp-block-heading has-text-color\" style=\"color:#1fa6c2\">A PROGRAM C\u00c9LJA:<\/h4>\n\n\n\n<p>&#8211; Flow. A tot\u00e1lis kikapcsol\u00f3d\u00e1s elrep\u00edtve a r\u00e9sztvev\u0151ket a zene vil\u00e1g\u00e1ba, sz\u00e1mos k\u00f6z\u00f6sen meg\u00e9lt, kreat\u00edv pillanattal.<br>&#8211; Sz\u00f3rakoz\u00e1s a zene nyelv\u00e9n, szellemi mun\u00edci\u00f3t is adva motiv\u00e1ci\u00f3r\u00f3l, alkalmazkod\u00e1sr\u00f3l, kitart\u00e1sr\u00f3l, szenved\u00e9lyr\u0151l&#8230;<br>&#8211; A r\u00e9sztvev\u0151k kiz\u00f6kkent\u00e9se a sz\u00fcrke h\u00e9tk\u00f6znapokb\u00f3l, sz\u00ednes m\u0171v\u00e9szszem\u00fcvegeken kereszt\u00fcl megvil\u00e1g\u00edtva v\u00e1laszokat &#8211; az egy\u00e9bk\u00e9nt mindenkit \u00e9rint\u0151 -, mindennapos k\u00e9rd\u00e9sekre.<\/p>\n\n\n\n<h4 class=\"wp-block-heading has-text-color\" style=\"color:#1fa6c2\">KIKNEK SZ\u00d3L?<\/h4>\n\n\n\n<p>&#8211; Zeneszeret\u0151 laikusoknak, akik k\u00edv\u00e1ncsiak mi van a zeneszerz\u00e9s h\u00e1tt\u00e9r\u00e9ben.<br>&#8211; Akik j\u00e1t\u00e9kosan, k\u00f6nnyed\u00e9n szeretn\u00e9nek felold\u00f3dni a harm\u00f3ni\u00e1k \u00e9s hangulatok kavalk\u00e1dj\u00e1ban.<br>&#8211; Akik &#8211; csup\u00e1n passz\u00edvan ak\u00e1r, de \u2013 benyom\u00e1sokat k\u00edv\u00e1nnak gy\u0171jteni a dallamok, zenek\u00e9sz\u00edt\u00e9s, koncertek, m\u0171v\u00e9szi hat\u00e1sok \u00e9s ellenhat\u00e1sok vil\u00e1g\u00e1b\u00f3l.<\/p>\n\n\n\n<h4 class=\"wp-block-heading has-text-color\" style=\"color:#1fa6c2\">PROFI DALSZ\u00d6VEG:<\/h4>\n\n\n\n<p>A dalhoz sz\u00f6veg is kell! Ezt (1) megalkothatja profi sz\u00f6veg\u00edr\u00f3, el\u0151re megadott kulcsszavak\/t\u00e9m\u00e1k\/ hangulatok alapj\u00e1n, vagy helyben improviz\u00e1lva az aktu\u00e1lis hangulatokat v\u00e9ve alapul \u00e9s (2) elk\u00e9sz\u00edtheti a csapat is, vagy annak lelkes amat\u0151r tagjai. Sz\u00fclettek m\u00e1r csod\u00e1k \u00edgy is \u2013 \u00fagy is.<\/p>\n\n\n\n<h4 class=\"wp-block-heading has-text-color\" style=\"color:#1fa6c2\">Z\u00c1R\u00d3AKKORD:<\/h4>\n\n\n\n<p>Az esem\u00e9nyt k\u00f6vet\u0151en a r\u00e9sztvev\u0151k, p\u00e1r napon bel\u00fcl e-mailen kapj\u00e1k k\u00e9zhez saj\u00e1t p\u00e9ld\u00e1nyukat az egy\u00fctt elk\u00e9sz\u00edtett dalb\u00f3l.<\/p>\n\n\n\n<h6 class=\"wp-block-heading has-text-align-center has-text-color\" style=\"color:#1fa6c2\">L\u00e9tsz\u00e1m: kb. 50 f\u0151ig<br>Program hossza: kb. 2 \u00f3ra, 10-15 perc sz\u00fcnettel<\/h6>\n\n\n\n<div style=\"height:20px\" aria-hidden=\"true\" class=\"wp-block-spacer\"><\/div>\n\n\n\n<h4 class=\"wp-block-heading has-text-align-center has-white-color has-accent-background-color has-text-color has-background\"><strong>\u00c9RDEKL\u0150D\u00c9S<\/strong><\/h4>\n\n\n\n<div id=\"wp-block-themeisle-blocks-advanced-columns-1938a492\" class=\"wp-block-themeisle-blocks-advanced-columns has-3-columns has-desktop-equal-layout has-tablet-equal-layout has-mobile-collapsedRows-layout has-vertical-unset\"><div class=\"wp-block-themeisle-blocks-advanced-columns-overlay\"><\/div><div class=\"innerblocks-wrap\">\n<div id=\"wp-block-themeisle-blocks-advanced-column-9b66978c\" class=\"wp-block-themeisle-blocks-advanced-column\"><\/div>\n\n\n\n<div id=\"wp-block-themeisle-blocks-advanced-column-ab60583d\" class=\"wp-block-themeisle-blocks-advanced-column\">\n<div class=\"wp-block-contact-form-7-contact-form-selector\">\n<div class=\"wpcf7 no-js\" id=\"wpcf7-f223-o1\" lang=\"hu-HU\" dir=\"ltr\" data-wpcf7-id=\"223\">\n<div class=\"screen-reader-response\"><p role=\"status\" aria-live=\"polite\" aria-atomic=\"true\"><\/p> <ul><\/ul><\/div>\n<form action=\"\/en\/wp-json\/wp\/v2\/pages\/113#wpcf7-f223-o1\" method=\"post\" class=\"wpcf7-form init\" aria-label=\"Kapcsolatfelv\u00e9teli \u0171rlap\" novalidate=\"novalidate\" data-status=\"init\" data-trp-original-action=\"\/en\/wp-json\/wp\/v2\/pages\/113#wpcf7-f223-o1\">\n<fieldset class=\"hidden-fields-container\"><input type=\"hidden\" name=\"_wpcf7\" value=\"223\" \/><input type=\"hidden\" name=\"_wpcf7_version\" value=\"6.1.4\" \/><input type=\"hidden\" name=\"_wpcf7_locale\" value=\"hu_HU\" \/><input type=\"hidden\" name=\"_wpcf7_unit_tag\" value=\"wpcf7-f223-o1\" \/><input type=\"hidden\" name=\"_wpcf7_container_post\" value=\"0\" \/><input type=\"hidden\" name=\"_wpcf7_posted_data_hash\" value=\"\" \/>\n<\/fieldset>\n<p><label> N\u00e9v<br \/>\n<span class=\"wpcf7-form-control-wrap\" data-name=\"your-name\"><input size=\"40\" maxlength=\"400\" class=\"wpcf7-form-control wpcf7-text wpcf7-validates-as-required\" autocomplete=\"name\" aria-required=\"true\" aria-invalid=\"false\" value=\"\" type=\"text\" name=\"your-name\" \/><\/span> <\/label>\n<\/p>\n<p><label> E-mail c\u00edm<br \/>\n<span class=\"wpcf7-form-control-wrap\" data-name=\"your-email\"><input size=\"40\" maxlength=\"400\" class=\"wpcf7-form-control wpcf7-email wpcf7-validates-as-required wpcf7-text wpcf7-validates-as-email\" autocomplete=\"email\" aria-required=\"true\" aria-invalid=\"false\" value=\"\" type=\"email\" name=\"your-email\" \/><\/span> <\/label>\n<\/p>\n<p><label> T\u00e1rgy<br \/>\n<span class=\"wpcf7-form-control-wrap\" data-name=\"your-subject\"><input size=\"40\" maxlength=\"400\" class=\"wpcf7-form-control wpcf7-text wpcf7-validates-as-required\" aria-required=\"true\" aria-invalid=\"false\" value=\"\" type=\"text\" name=\"your-subject\" \/><\/span> <\/label>\n<\/p>\n<p><label> \u00dczenet<br \/>\n<span class=\"wpcf7-form-control-wrap\" data-name=\"your-message\"><textarea cols=\"40\" rows=\"10\" maxlength=\"2000\" class=\"wpcf7-form-control wpcf7-textarea\" aria-invalid=\"false\" name=\"your-message\"><\/textarea><\/span> <\/label>\n<\/p>\n<p><input class=\"wpcf7-form-control wpcf7-submit has-spinner\" type=\"submit\" value=\"Elk\u00fcld\u00e9s\" \/>\n<\/p><div class=\"wpcf7-response-output\" aria-hidden=\"true\"><\/div>\n<input type=\"hidden\" name=\"trp-form-language\" value=\"en\"\/><\/form>\n<\/div>\n<\/div>\n<\/div>\n\n\n\n<div id=\"wp-block-themeisle-blocks-advanced-column-7144f0f6\" class=\"wp-block-themeisle-blocks-advanced-column\"><\/div>\n<\/div><\/div>","protected":false},"excerpt":{"rendered":"<p>Kovacsics \u00c1d\u00e1m zeneszerz\u0151\/producerrel \u00e9s V\u00f6lgyesi Gabriella el\u0151ad\u00f3m\u0171v\u00e9sszel, avagypillantsatok be a zene vil\u00e1g\u00e1nak kulissz\u00e1i m\u00f6g\u00e9 \u00e9s k\u00f6zben \u00edrjunk dalt! ESSZENCIA: &#8211; \u00daj, interakt\u00edv \u00e9lm\u00e9nyprogram laikusoknak, r\u00e1l\u00e1t\u00e1st adva a zeneszerz\u00e9s kulisszatitkaira.&#8211; \u00c1d\u00e1m \u00e9s Gabi vezet\u00e9s\u00e9vel, \u201ek\u00f6z\u00f6sen\u201d \u00edrunk egy dalt, \u00e9szrev\u00e9tlen\u00fcl belek\u00f3stolva a dalszerz\u0151\/ producer\/ zen\u00e9sz\/ \u00e9nekes munk\u00e1j\u00e1ba.&#8211; \u00d6nfeledt kikapcsol\u00f3d\u00e1s, amely sor\u00e1n egy\u00fctt [&hellip;]<\/p>","protected":false},"author":1,"featured_media":0,"parent":174,"menu_order":0,"comment_status":"closed","ping_status":"closed","template":"","meta":{"ngg_post_thumbnail":0,"_themeisle_gutenberg_block_has_review":false,"footnotes":""},"class_list":["post-113","page","type-page","status-publish","hentry"],"_links":{"self":[{"href":"https:\/\/zeneielmenyprogram.hu\/en\/wp-json\/wp\/v2\/pages\/113","targetHints":{"allow":["GET"]}}],"collection":[{"href":"https:\/\/zeneielmenyprogram.hu\/en\/wp-json\/wp\/v2\/pages"}],"about":[{"href":"https:\/\/zeneielmenyprogram.hu\/en\/wp-json\/wp\/v2\/types\/page"}],"author":[{"embeddable":true,"href":"https:\/\/zeneielmenyprogram.hu\/en\/wp-json\/wp\/v2\/users\/1"}],"replies":[{"embeddable":true,"href":"https:\/\/zeneielmenyprogram.hu\/en\/wp-json\/wp\/v2\/comments?post=113"}],"version-history":[{"count":47,"href":"https:\/\/zeneielmenyprogram.hu\/en\/wp-json\/wp\/v2\/pages\/113\/revisions"}],"predecessor-version":[{"id":852,"href":"https:\/\/zeneielmenyprogram.hu\/en\/wp-json\/wp\/v2\/pages\/113\/revisions\/852"}],"up":[{"embeddable":true,"href":"https:\/\/zeneielmenyprogram.hu\/en\/wp-json\/wp\/v2\/pages\/174"}],"wp:attachment":[{"href":"https:\/\/zeneielmenyprogram.hu\/en\/wp-json\/wp\/v2\/media?parent=113"}],"curies":[{"name":"wp","href":"https:\/\/api.w.org\/{rel}","templated":true}]}}